{"id":1015,"date":"2021-05-05T16:32:27","date_gmt":"2021-05-05T14:32:27","guid":{"rendered":"http:\/\/www.mtv-in.de\/fechten\/?page_id=1015"},"modified":"2025-09-01T12:59:01","modified_gmt":"2025-09-01T10:59:01","slug":"wer-sind-wir","status":"publish","type":"page","link":"https:\/\/www.mtv-in.de\/fechten\/ueber-uns\/wer-sind-wir\/","title":{"rendered":"Wer sind wir?"},"content":{"rendered":"\n<figure class=\"wp-block-image size-large\"><a href=\"https:\/\/www.mtv-in.de\/fechten\/files\/2019\/01\/R2jwpugA.jpeg\"><img loading=\"lazy\" decoding=\"async\" width=\"1024\" height=\"674\" src=\"https:\/\/www.mtv-in.de\/fechten\/files\/2019\/01\/R2jwpugA-1024x674.jpeg\" alt=\"\" class=\"wp-image-1097\" srcset=\"https:\/\/www.mtv-in.de\/fechten\/files\/2019\/01\/R2jwpugA-1024x674.jpeg 1024w, https:\/\/www.mtv-in.de\/fechten\/files\/2019\/01\/R2jwpugA-300x198.jpeg 300w, https:\/\/www.mtv-in.de\/fechten\/files\/2019\/01\/R2jwpugA-768x506.jpeg 768w\" sizes=\"auto, (max-width: 1024px) 100vw, 1024px\" \/><\/a><\/figure>\n\n\n\n<div style=\"height:50px\" aria-hidden=\"true\" class=\"wp-block-spacer\"><\/div>\n\n\n\n<h2 class=\"wp-block-heading has-text-align-center fly-in fly-in-delay-1\">\u00dcber uns \u2013 MTV Ingolstadt Fechten<\/h2>\n\n\n\n<p class=\"has-text-align-center fly-in fly-in-delay-2\">Wir sind die Fechtabteilung des MTV Ingolstadt \u2013 eine Gemeinschaft aus sportbegeisterten Kindern, Jugendlichen und Erwachsenen, die den Fechtsport mit Leidenschaft betreiben<\/p>\n\n\n\n<div style=\"height:100px\" aria-hidden=\"true\" class=\"wp-block-spacer\"><\/div>\n\n\n\n<div class=\"wp-block-columns is-layout-flex wp-container-core-columns-is-layout-9d6595d7 wp-block-columns-is-layout-flex\">\n<div class=\"wp-block-column is-layout-flow wp-block-column-is-layout-flow\">\n<figure class=\"wp-block-image size-full fly-in fly-in-delay-1\"><a href=\"https:\/\/www.mtv-in.de\/fechten\/files\/2019\/01\/cropped-Logo-Transparent.png\"><img loading=\"lazy\" decoding=\"async\" width=\"512\" height=\"512\" src=\"https:\/\/www.mtv-in.de\/fechten\/files\/2019\/01\/cropped-Logo-Transparent.png\" alt=\"\" class=\"wp-image-776\" style=\"aspect-ratio:4\/3;object-fit:contain\" srcset=\"https:\/\/www.mtv-in.de\/fechten\/files\/2019\/01\/cropped-Logo-Transparent.png 512w, https:\/\/www.mtv-in.de\/fechten\/files\/2019\/01\/cropped-Logo-Transparent-150x150.png 150w, https:\/\/www.mtv-in.de\/fechten\/files\/2019\/01\/cropped-Logo-Transparent-300x300.png 300w, https:\/\/www.mtv-in.de\/fechten\/files\/2019\/01\/cropped-Logo-Transparent-270x270.png 270w, https:\/\/www.mtv-in.de\/fechten\/files\/2019\/01\/cropped-Logo-Transparent-192x192.png 192w, https:\/\/www.mtv-in.de\/fechten\/files\/2019\/01\/cropped-Logo-Transparent-180x180.png 180w, https:\/\/www.mtv-in.de\/fechten\/files\/2019\/01\/cropped-Logo-Transparent-32x32.png 32w\" sizes=\"auto, (max-width: 512px) 100vw, 512px\" \/><\/a><\/figure>\n<\/div>\n\n\n\n<div class=\"wp-block-column is-layout-flow wp-block-column-is-layout-flow\">\n<h2 class=\"wp-block-heading fly-in fly-in-delay-2\">Die Fechtabteilung<\/h2>\n\n\n\n<p class=\"fly-in fly-in-delay-3\">Der <strong>MTV Ingolstadt<\/strong> geh\u00f6rt zu den gr\u00f6\u00dften und traditionsreichsten Sportvereinen der Region. Mit einem vielf\u00e4ltigen Angebot an Sportarten bietet er seit vielen Jahrzehnten eine sportliche Heimat f\u00fcr Menschen aller Altersgruppen.<\/p>\n\n\n\n<p class=\"fly-in fly-in-delay-3\">Die <strong>Fechtabteilung<\/strong> ist ein lebendiger Teil dieses Vereins. Hier trainieren Kinder, Jugendliche und Erwachsene \u2013 vom neugierigen Einsteiger bis hin zum ambitionierten Wettk\u00e4mpfer. Unser Ziel ist es, die Faszination des Fechtens erlebbar zu machen: Schnelligkeit, Pr\u00e4zision, Fairness und Teamgeist stehen dabei im Mittelpunkt.<\/p>\n\n\n\n<p class=\"fly-in fly-in-delay-3\">Wir legen gro\u00dfen Wert auf eine <strong>famili\u00e4re Atmosph\u00e4re<\/strong>, in der jeder willkommen ist, der Lust hat, diesen eleganten und spannenden Sport auszuprobieren.<\/p>\n<\/div>\n<\/div>\n\n\n\n<div style=\"height:100px\" aria-hidden=\"true\" class=\"wp-block-spacer\"><\/div>\n\n\n\n<div class=\"wp-block-columns is-layout-flex wp-container-core-columns-is-layout-9d6595d7 wp-block-columns-is-layout-flex\">\n<div class=\"wp-block-column is-layout-flow wp-block-column-is-layout-flow\">\n<h2 class=\"wp-block-heading fly-in fly-in-delay-2\">Unsere Entwicklung<\/h2>\n\n\n\n<p class=\"fly-in fly-in-delay-3\">Die Fechtabteilung wurde 1911 unter Hans Vielwerth gegr\u00fcndet. Sportlich ging es immer auf und ab. Kulturell waren die Fechter mit ihrem Fechterball im Stadttheater Benchmark.<\/p>\n\n\n\n<p class=\"fly-in fly-in-delay-3\">Die j\u00fcngste Spezialisierung auf die Fechtwaffe Degen brachte den erhofften sportlichen Aufschwung. Platz 3 auf der Deutschen Meisterschaft.<\/p>\n\n\n\n<p>Seit 2025 d\u00fcrfen wir uns auch offizieller Breitensportstandort vom Bayerischen Fechterverband nennen.<\/p>\n\n\n\n<div style=\"height:20px\" aria-hidden=\"true\" class=\"wp-block-spacer\"><\/div>\n\n\n\n<div class=\"wp-block-buttons is-content-justification-center is-layout-flex wp-container-core-buttons-is-layout-16018d1d wp-block-buttons-is-layout-flex\">\n<div class=\"wp-block-button fly-in fly-in-delay-3\"><a class=\"wp-block-button__link has-white-color has-vivid-purple-background-color has-text-color has-background has-link-color wp-element-button\" href=\"https:\/\/www.mtv-in.de\/fechten\/ueber-uns\/chronik\/\">Ausf\u00fchrliche Chronik<\/a><\/div>\n<\/div>\n<\/div>\n\n\n\n<div class=\"wp-block-column is-layout-flow wp-block-column-is-layout-flow\">\n<figure class=\"wp-block-image size-large fly-in fly-in-delay-1 is-style-default\"><a href=\"https:\/\/www.mtv-in.de\/fechten\/files\/2024\/08\/Training_1913.jpg\"><img loading=\"lazy\" decoding=\"async\" width=\"1024\" height=\"726\" src=\"https:\/\/www.mtv-in.de\/fechten\/files\/2024\/08\/Training_1913-1024x726.jpg\" alt=\"\" class=\"wp-image-1427\" style=\"aspect-ratio:16\/9;object-fit:contain\" srcset=\"https:\/\/www.mtv-in.de\/fechten\/files\/2024\/08\/Training_1913-1024x726.jpg 1024w, https:\/\/www.mtv-in.de\/fechten\/files\/2024\/08\/Training_1913-300x213.jpg 300w, https:\/\/www.mtv-in.de\/fechten\/files\/2024\/08\/Training_1913-768x545.jpg 768w, https:\/\/www.mtv-in.de\/fechten\/files\/2024\/08\/Training_1913-1536x1089.jpg 1536w, https:\/\/www.mtv-in.de\/fechten\/files\/2024\/08\/Training_1913-2048x1452.jpg 2048w\" sizes=\"auto, (max-width: 1024px) 100vw, 1024px\" \/><\/a><\/figure>\n<\/div>\n<\/div>\n\n\n\n<div style=\"height:100px\" aria-hidden=\"true\" class=\"wp-block-spacer\"><\/div>\n\n\n\n<div class=\"wp-block-columns is-layout-flex wp-container-core-columns-is-layout-9d6595d7 wp-block-columns-is-layout-flex\">\n<div class=\"wp-block-column is-layout-flow wp-block-column-is-layout-flow\"><div class=\"wp-block-image fly-in fly-in-delay-1\">\n<figure class=\"aligncenter size-large\"><a href=\"https:\/\/www.mtv-in.de\/fechten\/files\/2021\/05\/mehr-als-ein-Verein.jpg\"><img loading=\"lazy\" decoding=\"async\" width=\"1024\" height=\"1024\" src=\"https:\/\/www.mtv-in.de\/fechten\/files\/2021\/05\/mehr-als-ein-Verein-1024x1024.jpg\" alt=\"\" class=\"wp-image-1018\" style=\"aspect-ratio:4\/3;object-fit:contain\" srcset=\"https:\/\/www.mtv-in.de\/fechten\/files\/2021\/05\/mehr-als-ein-Verein-1024x1024.jpg 1024w, https:\/\/www.mtv-in.de\/fechten\/files\/2021\/05\/mehr-als-ein-Verein-150x150.jpg 150w, https:\/\/www.mtv-in.de\/fechten\/files\/2021\/05\/mehr-als-ein-Verein-300x300.jpg 300w, https:\/\/www.mtv-in.de\/fechten\/files\/2021\/05\/mehr-als-ein-Verein-768x768.jpg 768w, https:\/\/www.mtv-in.de\/fechten\/files\/2021\/05\/mehr-als-ein-Verein.jpg 1600w\" sizes=\"auto, (max-width: 1024px) 100vw, 1024px\" \/><\/a><\/figure>\n<\/div><\/div>\n\n\n\n<div class=\"wp-block-column is-layout-flow wp-block-column-is-layout-flow\">\n<h2 class=\"wp-block-heading fly-in fly-in-delay-2\"><b>Mehr als ein Verein<\/b><\/h2>\n\n\n\n<p class=\"fly-in fly-in-delay-3\"><span style=\"font-weight: 400;\">Unser Vereinsleben besteht noch aus vielen mehr au\u00dfer unserem Training, es gibt immer wieder abwechslungsreiche Angebote. Von sportlichen Aktivit\u00e4ten (Minigolf, Pit Pat, Bowling, Stadtradeln, \u2026) bis hin zu geselligen Zusammenk\u00fcnften im Vereinsheim (Neujahrsfeier, Abend der Vereine im Pfingstvolksfest Ingolstadt, \u2026) ist alles dabei.<\/span><\/p>\n<\/div>\n<\/div>\n\n\n\n<div style=\"height:100px\" aria-hidden=\"true\" class=\"wp-block-spacer\"><\/div>\n\n\n\n<div class=\"wp-block-columns is-layout-flex wp-container-core-columns-is-layout-9d6595d7 wp-block-columns-is-layout-flex\">\n<div class=\"wp-block-column is-layout-flow wp-block-column-is-layout-flow\">\n<h2 class=\"wp-block-heading fly-in fly-in-delay-2\"><b>Zusammen zum Ziel<\/b><\/h2>\n\n\n\n<p class=\"fly-in fly-in-delay-3\"><span style=\"font-weight: 400;\">Zusammen zum Ziel hei\u00dft f\u00fcr uns:<\/span><\/p>\n\n\n\n<ul class=\"wp-block-list\">\n<li class=\"fly-in fly-in-delay-3\"><span style=\"font-weight: 400;\">gegenseitiges Unterst\u00fctzen unserer Mitglieder. Nicht nur unsere Trainer und Trainerinnen geben Tipps, was die Fechter besser machen k\u00f6nnten, sondern auch die Fechter untereinander<\/span><\/li>\n\n\n\n<li class=\"fly-in fly-in-delay-3\"><span style=\"font-weight: 400;\">gegenseitig zu H\u00f6chstleistungen treiben, die \u201eLila-Wand\u201c sorgt bei Turnieren immer wieder f\u00fcr Aufsehen<\/span><\/li>\n\n\n\n<li class=\"fly-in fly-in-delay-3\"><span style=\"font-weight: 400;\">Das Mitgestalten des Vereins! Dies f\u00e4ngt bei einem einfachen Feedback nach dem Training und Werbung f\u00fcr die Fechtabteilung an und kann bei einem Posten innerhalb der Abteilung enden (Trainer, Obmann, Abteilungsleiter). Unsere \u201eTechniker\u201c basteln auch gerne an n\u00fctzlichen Trainingsmitteln aller Art (Fechtpuppe, Melder, kabelloses Fechten), von denen alle profitieren.<\/span><\/li>\n<\/ul>\n<\/div>\n\n\n\n<div class=\"wp-block-column is-layout-flow wp-block-column-is-layout-flow\"><div class=\"wp-block-image fly-in fly-in-delay-1\">\n<figure class=\"aligncenter\"><a href=\"https:\/\/www.mtv-in.de\/fechten\/files\/2023\/09\/1695573354259.jpg\"><img loading=\"lazy\" decoding=\"async\" width=\"1600\" height=\"1600\" src=\"https:\/\/www.mtv-in.de\/fechten\/files\/2023\/09\/1695573354259.jpg\" alt=\"\" class=\"wp-image-1208\" style=\"aspect-ratio:4\/3;object-fit:contain\" srcset=\"https:\/\/www.mtv-in.de\/fechten\/files\/2023\/09\/1695573354259.jpg 1600w, https:\/\/www.mtv-in.de\/fechten\/files\/2023\/09\/1695573354259-300x300.jpg 300w, https:\/\/www.mtv-in.de\/fechten\/files\/2023\/09\/1695573354259-1024x1024.jpg 1024w, https:\/\/www.mtv-in.de\/fechten\/files\/2023\/09\/1695573354259-150x150.jpg 150w, https:\/\/www.mtv-in.de\/fechten\/files\/2023\/09\/1695573354259-768x768.jpg 768w, https:\/\/www.mtv-in.de\/fechten\/files\/2023\/09\/1695573354259-1536x1536.jpg 1536w\" sizes=\"auto, (max-width: 1600px) 100vw, 1600px\" \/><\/a><\/figure>\n<\/div><\/div>\n<\/div>\n\n\n\n<div style=\"height:100px\" aria-hidden=\"true\" class=\"wp-block-spacer\"><\/div>\n\n\n\n<div class=\"wp-block-columns is-layout-flex wp-container-core-columns-is-layout-9d6595d7 wp-block-columns-is-layout-flex\">\n<div class=\"wp-block-column is-layout-flow wp-block-column-is-layout-flow\"><div class=\"wp-block-image fly-in fly-in-delay-1\">\n<figure class=\"aligncenter size-large\"><a href=\"https:\/\/www.mtv-in.de\/fechten\/files\/2021\/05\/Kindertag.jpg\"><img loading=\"lazy\" decoding=\"async\" width=\"1024\" height=\"1024\" src=\"https:\/\/www.mtv-in.de\/fechten\/files\/2021\/05\/Kindertag-1024x1024.jpg\" alt=\"\" class=\"wp-image-1017\" style=\"aspect-ratio:4\/3;object-fit:contain\" srcset=\"https:\/\/www.mtv-in.de\/fechten\/files\/2021\/05\/Kindertag-1024x1024.jpg 1024w, https:\/\/www.mtv-in.de\/fechten\/files\/2021\/05\/Kindertag-150x150.jpg 150w, https:\/\/www.mtv-in.de\/fechten\/files\/2021\/05\/Kindertag-300x300.jpg 300w, https:\/\/www.mtv-in.de\/fechten\/files\/2021\/05\/Kindertag-768x768.jpg 768w, https:\/\/www.mtv-in.de\/fechten\/files\/2021\/05\/Kindertag.jpg 1600w\" sizes=\"auto, (max-width: 1024px) 100vw, 1024px\" \/><\/a><\/figure>\n<\/div><\/div>\n\n\n\n<div class=\"wp-block-column is-layout-flow wp-block-column-is-layout-flow\">\n<h2 class=\"wp-block-heading fly-in fly-in-delay-2\"><b>Ingolstadt fechtet<\/b><\/h2>\n\n\n\n<p class=\"fly-in fly-in-delay-3\"><span style=\"font-weight: 400;\">Obwohl Fechten eine olympische Sportart mit langer Tradition ist, ist Fechten in Ingolstadt eher unbekannt. Deshalb nehmen wir regelm\u00e4\u00dfig an Veranstaltungen in und um Ingolstadt teil. Dazu geh\u00f6ren allen voran der Kindertag von IN-City und der Sporttag im Westpark.<\/span><\/p>\n<\/div>\n<\/div>\n\n\n\n<div style=\"height:100px\" aria-hidden=\"true\" class=\"wp-block-spacer\"><\/div>\n\n\n\n<div class=\"wp-block-columns is-layout-flex wp-container-core-columns-is-layout-9d6595d7 wp-block-columns-is-layout-flex\">\n<div class=\"wp-block-column is-layout-flow wp-block-column-is-layout-flow\">\n<h2 class=\"wp-block-heading fly-in fly-in-delay-2\"><b>Eine gro\u00dfe Familie&nbsp;&nbsp;<\/b><\/h2>\n\n\n\n<p class=\"fly-in fly-in-delay-3\"><span style=\"font-weight: 400;\">Wir sind eine gro\u00dfe Familie, das f\u00e4ngt beim \u201eSportler-Du\u201c an und endet bei der gegenseitigen Hilfe bei Problemen aller Art.<\/span><\/p>\n\n\n\n<p class=\"fly-in fly-in-delay-3\"><span style=\"font-weight: 400;\">Unser Gemeinschaftsgef\u00fchl zeigt sich vor allem w\u00e4hrend dem Training, Fahrgemeinschaften, gemeinsames in die Halle kommen, Begr\u00fc\u00dfen und Verabschieden sind bei uns eine Selbstverst\u00e4ndlichkeit.<\/span><\/p>\n\n\n\n<p class=\"fly-in fly-in-delay-3\"><span style=\"font-weight: 400;\">Aus dieser Familienzugeh\u00f6rigkeit resultieren ehrliche Kommunikation der Fechter und Fechterinnen untereinander und sich gegenseitig motivieren.<\/span><\/p>\n<\/div>\n\n\n\n<div class=\"wp-block-column is-layout-flow wp-block-column-is-layout-flow\"><div class=\"wp-block-image fly-in fly-in-delay-1\">\n<figure class=\"aligncenter size-full\"><a href=\"https:\/\/www.mtv-in.de\/fechten\/files\/2021\/05\/Familie.png\"><img loading=\"lazy\" decoding=\"async\" width=\"884\" height=\"790\" src=\"https:\/\/www.mtv-in.de\/fechten\/files\/2021\/05\/Familie.png\" alt=\"\" class=\"wp-image-1016\" style=\"aspect-ratio:4\/3;object-fit:cover\" srcset=\"https:\/\/www.mtv-in.de\/fechten\/files\/2021\/05\/Familie.png 884w, https:\/\/www.mtv-in.de\/fechten\/files\/2021\/05\/Familie-300x268.png 300w, https:\/\/www.mtv-in.de\/fechten\/files\/2021\/05\/Familie-768x686.png 768w\" sizes=\"auto, (max-width: 884px) 100vw, 884px\" \/><\/a><\/figure>\n<\/div><\/div>\n<\/div>\n\n\n\n<div style=\"height:100px\" aria-hidden=\"true\" class=\"wp-block-spacer\"><\/div>\n\n\n\n<div class=\"wp-block-buttons is-content-justification-center is-layout-flex wp-container-core-buttons-is-layout-16018d1d wp-block-buttons-is-layout-flex\">\n<div class=\"wp-block-button has-custom-width wp-block-button__width-75 has-custom-font-size fly-in fly-in-delay-1 has-medium-font-size\"><a class=\"wp-block-button__link has-white-color has-vivid-purple-background-color has-text-color has-background has-link-color wp-element-button\" href=\"https:\/\/www.mtv-in.de\/fechten\/ueber-uns\/chronik\/\"><strong>Zur Chronik<\/strong><\/a><\/div>\n<\/div>\n","protected":false},"excerpt":{"rendered":"<p>\u00dcber uns \u2013 MTV Ingolstadt Fechten Wir sind die Fechtabteilung des MTV Ingolstadt \u2013 eine Gemeinschaft aus sportbegeisterten Kindern, Jugendlichen und Erwachsenen, die den Fechtsport mit Leidenschaft betreiben Die Fechtabteilung Der MTV Ingolstadt geh\u00f6rt zu den gr\u00f6\u00dften und traditionsreichsten Sportvereinen der Region. Mit einem vielf\u00e4ltigen Angebot an Sportarten bietet er seit vielen Jahrzehnten eine sportliche [&hellip;]<\/p>\n","protected":false},"author":305,"featured_media":0,"parent":782,"menu_order":0,"comment_status":"closed","ping_status":"closed","template":"","meta":{"footnotes":""},"class_list":["post-1015","page","type-page","status-publish","hentry"],"_links":{"self":[{"href":"https:\/\/www.mtv-in.de\/fechten\/wp-json\/wp\/v2\/pages\/1015","targetHints":{"allow":["GET"]}}],"collection":[{"href":"https:\/\/www.mtv-in.de\/fechten\/wp-json\/wp\/v2\/pages"}],"about":[{"href":"https:\/\/www.mtv-in.de\/fechten\/wp-json\/wp\/v2\/types\/page"}],"author":[{"embeddable":true,"href":"https:\/\/www.mtv-in.de\/fechten\/wp-json\/wp\/v2\/users\/305"}],"replies":[{"embeddable":true,"href":"https:\/\/www.mtv-in.de\/fechten\/wp-json\/wp\/v2\/comments?post=1015"}],"version-history":[{"count":33,"href":"https:\/\/www.mtv-in.de\/fechten\/wp-json\/wp\/v2\/pages\/1015\/revisions"}],"predecessor-version":[{"id":1978,"href":"https:\/\/www.mtv-in.de\/fechten\/wp-json\/wp\/v2\/pages\/1015\/revisions\/1978"}],"up":[{"embeddable":true,"href":"https:\/\/www.mtv-in.de\/fechten\/wp-json\/wp\/v2\/pages\/782"}],"wp:attachment":[{"href":"https:\/\/www.mtv-in.de\/fechten\/wp-json\/wp\/v2\/media?parent=1015"}],"curies":[{"name":"wp","href":"https:\/\/api.w.org\/{rel}","templated":true}]}}