{"id":1419,"date":"2024-08-21T13:29:52","date_gmt":"2024-08-21T11:29:52","guid":{"rendered":"https:\/\/www.mtv-in.de\/fechten\/?page_id=1419"},"modified":"2025-08-30T11:55:48","modified_gmt":"2025-08-30T09:55:48","slug":"chronik","status":"publish","type":"page","link":"https:\/\/www.mtv-in.de\/fechten\/ueber-uns\/chronik\/","title":{"rendered":"Chronik"},"content":{"rendered":"\t\t\t<!-- Cool Timeline Free V3.3.0 -->\n\t\t\t<div class=\"ctl-wrapper\" role=\"region\" aria-label=\"Timeline\">\n\t\t\t\t\t\t\t\t<div id=\"cool_timeline_1\" class=\"cool-timeline-wrapper ctl-both-sided ctl-vertical-wrapper\" >\n\t\t\t\t\t<div class=\"ctl-start\"><\/div>\n\t\t\t\t\t<!-- Timeline Container -->\n\t\t\t\t\t<div class=\"ctl-timeline ctl-timeline-container\" data-animation=\"fade-up\">\n\t\t\t\t\t\t<!-- Center Line -->\n\t\t\t\t\t\t<div class=\"ctl-inner-line\" role=\"presentation\"><\/div>\n\t\t\t\t\t\t\t\t\t\t\t\t<!-- Timeline Content --><div  id=\"ctl-story-1418\" class=\"ctl-story ctl-story-dot-icon odd ctl-story-right\" data-aos=\"fade-up\"   data-story-index=\"1\" role=\"article\"><!-- Story Date --><div class=\"ctl-labels\"><div class=\"ctl-label-big story-date\">1911<\/div><\/div><!-- Story IconDot --><div class=\"ctl-icondot\"><\/div> <!-- Story Arrow --><div class=\"ctl-arrow\"><\/div><!-- Story Content --><div class=\"ctl-content\"><!-- Story Title --><div class=\"ctl-title story-1418\" aria-label=\"2\"><a target=\"_self\" title=\"Gr\u00fcndung\" href=\"https:\/\/www.mtv-in.de\/fechten\/cool_timeline\/chronik\/\" class=\"story-link\">Gr\u00fcndung<\/a><\/div><!-- Story Media --><div class=\"ctl-media full\"><a data-glightbox=\"Gr\u00fcndung\" href=\"https:\/\/www.mtv-in.de\/fechten\/files\/2024\/08\/Vielwerth.jpg\" class=\"ctl_glightbox\"><img loading=\"lazy\" decoding=\"async\" width=\"733\" height=\"1024\" src=\"https:\/\/www.mtv-in.de\/fechten\/files\/2024\/08\/Vielwerth-733x1024.jpg\" class=\"story-img wp-post-image\" alt=\"Gr\u00fcndung\" srcset=\"https:\/\/www.mtv-in.de\/fechten\/files\/2024\/08\/Vielwerth-733x1024.jpg 733w, https:\/\/www.mtv-in.de\/fechten\/files\/2024\/08\/Vielwerth-215x300.jpg 215w, https:\/\/www.mtv-in.de\/fechten\/files\/2024\/08\/Vielwerth-768x1073.jpg 768w, https:\/\/www.mtv-in.de\/fechten\/files\/2024\/08\/Vielwerth-1100x1536.jpg 1100w, https:\/\/www.mtv-in.de\/fechten\/files\/2024\/08\/Vielwerth.jpg 1247w\" sizes=\"auto, (max-width: 733px) 100vw, 733px\" \/><\/a><\/div><!-- Story Description --><div class=\"ctl-description\">Die Fechtabteilung wurde 1911 gegr\u00fcndet.\r\n<strong>Hans Vielwerth<\/strong> wurde als erster Abteilungsleiter gew\u00e4hlt.\r\nEr wurde von Hoffmann und Lautenschl\u00e4ger unterst\u00fctzt.\r\nGefochten wurde nach studentischer Tradition mit Schwerts\u00e4bel.<\/div><\/div><\/div><!-- Timeline Content --><div  id=\"ctl-story-1426\" class=\"ctl-story ctl-story-dot-icon even ctl-story-left\" data-aos=\"fade-up\"   data-story-index=\"2\" role=\"article\"><!-- Story Date --><div class=\"ctl-labels\"><div class=\"ctl-label-big story-date\">1913<\/div><\/div><!-- Story IconDot --><div class=\"ctl-icondot\"><\/div> <!-- Story Arrow --><div class=\"ctl-arrow\"><\/div><!-- Story Content --><div class=\"ctl-content\"><!-- Story Title --><div class=\"ctl-title story-1426\" aria-label=\"2\"><a target=\"_self\" title=\"Florett, Degen, S\u00e4bel\" href=\"https:\/\/www.mtv-in.de\/fechten\/cool_timeline\/florett-degen-saebel\/\" class=\"story-link\">Florett, Degen, S\u00e4bel<\/a><\/div><!-- Story Media --><div class=\"ctl-media full\"><a data-glightbox=\"Florett, Degen, S\u00e4bel\" href=\"https:\/\/www.mtv-in.de\/fechten\/files\/2024\/08\/Training_1911_1.jpg\" class=\"ctl_glightbox\"><img loading=\"lazy\" decoding=\"async\" width=\"1024\" height=\"717\" src=\"https:\/\/www.mtv-in.de\/fechten\/files\/2024\/08\/Training_1911_1-1024x717.jpg\" class=\"story-img wp-post-image\" alt=\"Florett, Degen, S\u00e4bel\" srcset=\"https:\/\/www.mtv-in.de\/fechten\/files\/2024\/08\/Training_1911_1-1024x717.jpg 1024w, https:\/\/www.mtv-in.de\/fechten\/files\/2024\/08\/Training_1911_1-300x210.jpg 300w, https:\/\/www.mtv-in.de\/fechten\/files\/2024\/08\/Training_1911_1-768x538.jpg 768w, https:\/\/www.mtv-in.de\/fechten\/files\/2024\/08\/Training_1911_1-1536x1075.jpg 1536w, https:\/\/www.mtv-in.de\/fechten\/files\/2024\/08\/Training_1911_1.jpg 1543w\" sizes=\"auto, (max-width: 1024px) 100vw, 1024px\" \/><\/a><\/div><!-- Story Description --><div class=\"ctl-description\"><p>1913 wurde das Sportfechten mit Florett, S\u00e4bel und Degen eingef\u00fchrt.<br \/>\nDiese Waffen werden auch heute noch gefochten.<\/p>\n<\/div><\/div><\/div><!-- Timeline Content --><div  id=\"ctl-story-1429\" class=\"ctl-story ctl-story-dot-icon odd ctl-story-right\" data-aos=\"fade-up\"   data-story-index=\"3\" role=\"article\"><!-- Story Date --><div class=\"ctl-labels\"><div class=\"ctl-label-big story-date\">1919<\/div><\/div><!-- Story IconDot --><div class=\"ctl-icondot\"><\/div> <!-- Story Arrow --><div class=\"ctl-arrow\"><\/div><!-- Story Content --><div class=\"ctl-content\"><!-- Story Title --><div class=\"ctl-title story-1429\" aria-label=\"2\"><a target=\"_self\" title=\"Umzug Jahnstra\u00dfe\" href=\"https:\/\/www.mtv-in.de\/fechten\/cool_timeline\/umzug-jahnstrasse\/\" class=\"story-link\">Umzug Jahnstra\u00dfe<\/a><\/div><!-- Story Media --><div class=\"ctl-media full\"><a data-glightbox=\"Umzug Jahnstra\u00dfe\" href=\"https:\/\/www.mtv-in.de\/fechten\/files\/2024\/08\/Fussballfeld.jpg\" class=\"ctl_glightbox\"><img loading=\"lazy\" decoding=\"async\" width=\"1024\" height=\"700\" src=\"https:\/\/www.mtv-in.de\/fechten\/files\/2024\/08\/Fussballfeld-1024x700.jpg\" class=\"story-img wp-post-image\" alt=\"Umzug Jahnstra\u00dfe\" srcset=\"https:\/\/www.mtv-in.de\/fechten\/files\/2024\/08\/Fussballfeld-1024x700.jpg 1024w, https:\/\/www.mtv-in.de\/fechten\/files\/2024\/08\/Fussballfeld-300x205.jpg 300w, https:\/\/www.mtv-in.de\/fechten\/files\/2024\/08\/Fussballfeld-768x525.jpg 768w, https:\/\/www.mtv-in.de\/fechten\/files\/2024\/08\/Fussballfeld.jpg 1473w\" sizes=\"auto, (max-width: 1024px) 100vw, 1024px\" \/><\/a><\/div><!-- Story Description --><div class=\"ctl-description\"><p>Kurz nach der Gr\u00fcndung zog der MTV um zur Jahnstra\u00dfe (heutiges Freibad).<br \/>\nTrainiert wurde mangels Turnhalle auf dem Fu\u00dfballfeld.<br \/>\nSp\u00e4ter konnte ein Kasematt als Waffenkammer f\u00fcr die Fechter eingerichtet werden.<\/p>\n<\/div><\/div><\/div><!-- Timeline Content --><div  id=\"ctl-story-1431\" class=\"ctl-story ctl-story-dot-icon even ctl-story-left\" data-aos=\"fade-up\"   data-story-index=\"4\" role=\"article\"><!-- Story Date --><div class=\"ctl-labels\"><div class=\"ctl-label-big story-date\">1924<\/div><\/div><!-- Story IconDot --><div class=\"ctl-icondot\"><\/div> <!-- Story Arrow --><div class=\"ctl-arrow\"><\/div><!-- Story Content --><div class=\"ctl-content\"><!-- Story Title --><div class=\"ctl-title story-1431\" aria-label=\"2\"><a target=\"_self\" title=\"Aufspaltung\" href=\"https:\/\/www.mtv-in.de\/fechten\/cool_timeline\/aufspaltung\/\" class=\"story-link\">Aufspaltung<\/a><\/div><!-- Story Description --><div class=\"ctl-description\"><p>1924 trennten sich einige Fechter vom MTV und gr\u00fcndeten im TV eine eigene Fechterriege.<\/p>\n<\/div><\/div><\/div><!-- Timeline Content --><div  id=\"ctl-story-1432\" class=\"ctl-story ctl-story-dot-icon odd ctl-story-right\" data-aos=\"fade-up\"   data-story-index=\"5\" role=\"article\"><!-- Story Date --><div class=\"ctl-labels\"><div class=\"ctl-label-big story-date\">1925<\/div><\/div><!-- Story IconDot --><div class=\"ctl-icondot\"><\/div> <!-- Story Arrow --><div class=\"ctl-arrow\"><\/div><!-- Story Content --><div class=\"ctl-content\"><!-- Story Title --><div class=\"ctl-title story-1432\" aria-label=\"2\"><a target=\"_self\" title=\"Erste Turnierfolge\" href=\"https:\/\/www.mtv-in.de\/fechten\/cool_timeline\/erste-turnierfolge\/\" class=\"story-link\">Erste Turnierfolge<\/a><\/div><!-- Story Media --><div class=\"ctl-media full\"><a data-glightbox=\"Erste Turnierfolge\" href=\"https:\/\/www.mtv-in.de\/fechten\/files\/2024\/08\/Turnerfest.jpg\" class=\"ctl_glightbox\"><img loading=\"lazy\" decoding=\"async\" width=\"721\" height=\"1024\" src=\"https:\/\/www.mtv-in.de\/fechten\/files\/2024\/08\/Turnerfest-721x1024.jpg\" class=\"story-img wp-post-image\" alt=\"Erste Turnierfolge\" srcset=\"https:\/\/www.mtv-in.de\/fechten\/files\/2024\/08\/Turnerfest-721x1024.jpg 721w, https:\/\/www.mtv-in.de\/fechten\/files\/2024\/08\/Turnerfest-211x300.jpg 211w, https:\/\/www.mtv-in.de\/fechten\/files\/2024\/08\/Turnerfest-768x1091.jpg 768w, https:\/\/www.mtv-in.de\/fechten\/files\/2024\/08\/Turnerfest-1081x1536.jpg 1081w, https:\/\/www.mtv-in.de\/fechten\/files\/2024\/08\/Turnerfest-1441x2048.jpg 1441w, https:\/\/www.mtv-in.de\/fechten\/files\/2024\/08\/Turnerfest.jpg 1508w\" sizes=\"auto, (max-width: 721px) 100vw, 721px\" \/><\/a><\/div><!-- Story Description --><div class=\"ctl-description\"><p>An den Fechtaktivit\u00e4ten nahmen ab Mitte der 20er Jahre auch Ingolstadts erste Fechterinnen teil, die T\u00f6chter des Abteilungsgr\u00fcnders und ersten Vorsitzenden Hans Vielwerth, Luise Stadelmeier, Anni Schuster und Emmi Hausladen. So wurde Emmi Hausladen beim Deutschen Turnerfest in K\u00f6ln (damals waren die Fechter noch im Turnerbund organisiert) elfte im Florettfechten.<\/p>\n<\/div><\/div><\/div><!-- Timeline Content --><div  id=\"ctl-story-1435\" class=\"ctl-story ctl-story-dot-icon even ctl-story-left\" data-aos=\"fade-up\"   data-story-index=\"6\" role=\"article\"><!-- Story Date --><div class=\"ctl-labels\"><div class=\"ctl-label-big story-date\">1941<\/div><\/div><!-- Story IconDot --><div class=\"ctl-icondot\"><\/div> <!-- Story Arrow --><div class=\"ctl-arrow\"><\/div><!-- Story Content --><div class=\"ctl-content\"><!-- Story Title --><div class=\"ctl-title story-1435\" aria-label=\"2\"><a target=\"_self\" title=\"Zwangspause und Wiederaufbau\" href=\"https:\/\/www.mtv-in.de\/fechten\/cool_timeline\/zwangspause-und-wiederaufbau\/\" class=\"story-link\">Zwangspause und Wiederaufbau<\/a><\/div><!-- Story Description --><div class=\"ctl-description\"><p>Von 1941 an mussten die Fechter eine mehrj\u00e4hrige Zwangspause einlegen:<br \/>\ndas MW-Heim samt Fechterzimmer wurde von der Wehrmacht beschlagnahmt.<br \/>\nDie US-Besatzungsmacht verbot das Fechten bis 1949.<br \/>\nSchwierige Jahre der Aufbauarbeit folgten, es fehlte an Trainern und Fechtern.<br \/>\nAber die fechterische Geselligkeit war ungebrochen.<\/p>\n<\/div><\/div><\/div><!-- Timeline Content --><div  id=\"ctl-story-1441\" class=\"ctl-story ctl-story-dot-icon odd ctl-story-right\" data-aos=\"fade-up\"   data-story-index=\"7\" role=\"article\"><!-- Story Date --><div class=\"ctl-labels\"><div class=\"ctl-label-big story-date\">1957<\/div><\/div><!-- Story IconDot --><div class=\"ctl-icondot\"><\/div> <!-- Story Arrow --><div class=\"ctl-arrow\"><\/div><!-- Story Content --><div class=\"ctl-content\"><!-- Story Title --><div class=\"ctl-title story-1441\" aria-label=\"2\"><a target=\"_self\" title=\"Erste Bayerische Titel\" href=\"https:\/\/www.mtv-in.de\/fechten\/cool_timeline\/erste-bayerische-titel\/\" class=\"story-link\">Erste Bayerische Titel<\/a><\/div><!-- Story Description --><div class=\"ctl-description\"><p>1957 wurden die ersten Titel der MTV-Fechter gesichert.<br \/>\nW. J. Singer holte sich den Einzeltitel im S\u00e4bel, W. Jakobi den Titel im Florett.<\/p>\n<\/div><\/div><\/div><!-- Timeline Content --><div  id=\"ctl-story-1436\" class=\"ctl-story ctl-story-dot-icon even ctl-story-left\" data-aos=\"fade-up\"   data-story-index=\"8\" role=\"article\"><!-- Story Date --><div class=\"ctl-labels\"><div class=\"ctl-label-big story-date\">1966<\/div><\/div><!-- Story IconDot --><div class=\"ctl-icondot\"><\/div> <!-- Story Arrow --><div class=\"ctl-arrow\"><\/div><!-- Story Content --><div class=\"ctl-content\"><!-- Story Title --><div class=\"ctl-title story-1436\" aria-label=\"2\"><a target=\"_self\" title=\"Fechterb\u00e4lle im Stadttheater\" href=\"https:\/\/www.mtv-in.de\/fechten\/cool_timeline\/fechterbaelle-im-stadttheater\/\" class=\"story-link\">Fechterb\u00e4lle im Stadttheater<\/a><\/div><!-- Story Media --><div class=\"ctl-media full\"><a data-glightbox=\"Fechterb\u00e4lle im Stadttheater\" href=\"https:\/\/www.mtv-in.de\/fechten\/files\/2024\/08\/Fechterball.png\" class=\"ctl_glightbox\"><img loading=\"lazy\" decoding=\"async\" width=\"662\" height=\"1024\" src=\"https:\/\/www.mtv-in.de\/fechten\/files\/2024\/08\/Fechterball-662x1024.png\" class=\"story-img wp-post-image\" alt=\"Fechterb\u00e4lle im Stadttheater\" srcset=\"https:\/\/www.mtv-in.de\/fechten\/files\/2024\/08\/Fechterball-662x1024.png 662w, https:\/\/www.mtv-in.de\/fechten\/files\/2024\/08\/Fechterball-194x300.png 194w, https:\/\/www.mtv-in.de\/fechten\/files\/2024\/08\/Fechterball-768x1188.png 768w, https:\/\/www.mtv-in.de\/fechten\/files\/2024\/08\/Fechterball-993x1536.png 993w, https:\/\/www.mtv-in.de\/fechten\/files\/2024\/08\/Fechterball.png 1080w\" sizes=\"auto, (max-width: 662px) 100vw, 662px\" \/><\/a><\/div><!-- Story Description --><div class=\"ctl-description\"><p>Ab 1966 fand der j\u00e4hrliche Fechterball mit viel Erfolg im Stadttheater statt,<br \/>\nunter anderem mit den damals bekannten Gruppen Dschingis Khan und der Pip-Seebrug-Band.<br \/>\nDie Fechter selbst veranstalteten die Rocky-Horror-Picture-Show.<br \/>\nDie Fechterb\u00e4lle gingen als &#8222;Der Ball in Ingolstadt schlechthin&#8220; in die Geschichtsb\u00fccher ein.<\/p>\n<\/div><\/div><\/div><!-- Timeline Content --><div  id=\"ctl-story-1442\" class=\"ctl-story ctl-story-dot-icon odd ctl-story-right\" data-aos=\"fade-up\"   data-story-index=\"9\" role=\"article\"><!-- Story Date --><div class=\"ctl-labels\"><div class=\"ctl-label-big story-date\">1975<\/div><\/div><!-- Story IconDot --><div class=\"ctl-icondot\"><\/div> <!-- Story Arrow --><div class=\"ctl-arrow\"><\/div><!-- Story Content --><div class=\"ctl-content\"><!-- Story Title --><div class=\"ctl-title story-1442\" aria-label=\"2\"><a target=\"_self\" title=\"Umzug BZA Mitte\" href=\"https:\/\/www.mtv-in.de\/fechten\/cool_timeline\/umzug-bza-mitte\/\" class=\"story-link\">Umzug BZA Mitte<\/a><\/div><!-- Story Media --><div class=\"ctl-media full\"><a data-glightbox=\"Umzug BZA Mitte\" href=\"https:\/\/www.mtv-in.de\/fechten\/files\/2024\/08\/Training_1913.jpg\" class=\"ctl_glightbox\"><img loading=\"lazy\" decoding=\"async\" width=\"1024\" height=\"726\" src=\"https:\/\/www.mtv-in.de\/fechten\/files\/2024\/08\/Training_1913-1024x726.jpg\" class=\"story-img wp-post-image\" alt=\"Umzug BZA Mitte\" srcset=\"https:\/\/www.mtv-in.de\/fechten\/files\/2024\/08\/Training_1913-1024x726.jpg 1024w, https:\/\/www.mtv-in.de\/fechten\/files\/2024\/08\/Training_1913-300x213.jpg 300w, https:\/\/www.mtv-in.de\/fechten\/files\/2024\/08\/Training_1913-768x545.jpg 768w, https:\/\/www.mtv-in.de\/fechten\/files\/2024\/08\/Training_1913-1536x1089.jpg 1536w, https:\/\/www.mtv-in.de\/fechten\/files\/2024\/08\/Training_1913-2048x1452.jpg 2048w\" sizes=\"auto, (max-width: 1024px) 100vw, 1024px\" \/><\/a><\/div><!-- Story Description --><div class=\"ctl-description\"><p>1975 zog der MTV zur Friedhofstra\u00dfe,<br \/>\ndem Gel\u00e4nde der Bezirkssportanlage Mitte Ingolstadt, wo wir auch heute noch aktiv sind.<\/p>\n<\/div><\/div><\/div><!-- Timeline Content --><div  id=\"ctl-story-1444\" class=\"ctl-story ctl-story-dot-icon even ctl-story-left\" data-aos=\"fade-up\"   data-story-index=\"10\" role=\"article\"><!-- Story Date --><div class=\"ctl-labels\"><div class=\"ctl-label-big story-date\">1975<\/div><\/div><!-- Story IconDot --><div class=\"ctl-icondot\"><\/div> <!-- Story Arrow --><div class=\"ctl-arrow\"><\/div><!-- Story Content --><div class=\"ctl-content\"><!-- Story Title --><div class=\"ctl-title story-1444\" aria-label=\"2\"><a target=\"_self\" title=\"Neues Team\" href=\"https:\/\/www.mtv-in.de\/fechten\/cool_timeline\/neues-team\/\" class=\"story-link\">Neues Team<\/a><\/div><!-- Story Media --><div class=\"ctl-media full\"><a data-glightbox=\"Neues Team\" href=\"https:\/\/www.mtv-in.de\/fechten\/files\/2024\/08\/Fechten_0311-1.jpg\" class=\"ctl_glightbox\"><img loading=\"lazy\" decoding=\"async\" width=\"1024\" height=\"671\" src=\"https:\/\/www.mtv-in.de\/fechten\/files\/2024\/08\/Fechten_0311-1-1024x671.jpg\" class=\"story-img wp-post-image\" alt=\"Neues Team\" srcset=\"https:\/\/www.mtv-in.de\/fechten\/files\/2024\/08\/Fechten_0311-1-1024x671.jpg 1024w, https:\/\/www.mtv-in.de\/fechten\/files\/2024\/08\/Fechten_0311-1-300x197.jpg 300w, https:\/\/www.mtv-in.de\/fechten\/files\/2024\/08\/Fechten_0311-1-768x504.jpg 768w, https:\/\/www.mtv-in.de\/fechten\/files\/2024\/08\/Fechten_0311-1-1536x1007.jpg 1536w, https:\/\/www.mtv-in.de\/fechten\/files\/2024\/08\/Fechten_0311-1.jpg 2042w\" sizes=\"auto, (max-width: 1024px) 100vw, 1024px\" \/><\/a><\/div><!-- Story Description --><div class=\"ctl-description\"><p>Sven Godau wurde Abteilungs- und \u00dcbungsleiter.<br \/>\nW. J. Singer und H. Biller wurden ebenfalls \u00dcbungsleiter.<br \/>\nHinzu kam au\u00dferdem Elisabeth Hartm\u00fcller f\u00fcr das Jugendtraining. <\/p>\n<\/div><\/div><\/div><!-- Timeline Content --><div  id=\"ctl-story-1446\" class=\"ctl-story ctl-story-dot-icon odd ctl-story-right\" data-aos=\"fade-up\"   data-story-index=\"11\" role=\"article\"><!-- Story Date --><div class=\"ctl-labels\"><div class=\"ctl-label-big story-date\">1980<\/div><\/div><!-- Story IconDot --><div class=\"ctl-icondot\"><\/div> <!-- Story Arrow --><div class=\"ctl-arrow\"><\/div><!-- Story Content --><div class=\"ctl-content\"><!-- Story Title --><div class=\"ctl-title story-1446\" aria-label=\"2\"><a target=\"_self\" title=\"Erfolgreiche Jahre\" href=\"https:\/\/www.mtv-in.de\/fechten\/cool_timeline\/erfolgreiche-jahre\/\" class=\"story-link\">Erfolgreiche Jahre<\/a><\/div><!-- Story Description --><div class=\"ctl-description\"><p>Die Fechter vom MTV erfochten zahlreiche Titel in dieser Zeit.<br \/>\nDazu geh\u00f6ren die Oberbayerische Meistertitel von Birgit und J\u00fcrgen Halbach, Susu Schneeweis, Doris Meier, Birgit Heiden, Nicole Repper, Heike Singer, um nur Einige zu nennen.<\/p>\n<\/div><\/div><\/div><!-- Timeline Content --><div  id=\"ctl-story-1447\" class=\"ctl-story ctl-story-dot-icon even ctl-story-left\" data-aos=\"fade-up\"   data-story-index=\"12\" role=\"article\"><!-- Story Date --><div class=\"ctl-labels\"><div class=\"ctl-label-big story-date\">1981<\/div><\/div><!-- Story IconDot --><div class=\"ctl-icondot\"><\/div> <!-- Story Arrow --><div class=\"ctl-arrow\"><\/div><!-- Story Content --><div class=\"ctl-content\"><!-- Story Title --><div class=\"ctl-title story-1447\" aria-label=\"2\"><a target=\"_self\" title=\"Platz 4 bei DM\" href=\"https:\/\/www.mtv-in.de\/fechten\/cool_timeline\/platz-4-bei-dm\/\" class=\"story-link\">Platz 4 bei DM<\/a><\/div><!-- Story Description --><div class=\"ctl-description\"><p>1981 wurde Helmut Kister, fast 80-j\u00e4hrig, Vierter bei den Deutschen Seniorenmeisterschaften (heute Veteranen).<\/p>\n<\/div><\/div><\/div><!-- Timeline Content --><div  id=\"ctl-story-1459\" class=\"ctl-story ctl-story-dot-icon odd ctl-story-right\" data-aos=\"fade-up\"   data-story-index=\"13\" role=\"article\"><!-- Story Date --><div class=\"ctl-labels\"><div class=\"ctl-label-big story-date\">1981<\/div><\/div><!-- Story IconDot --><div class=\"ctl-icondot\"><\/div> <!-- Story Arrow --><div class=\"ctl-arrow\"><\/div><!-- Story Content --><div class=\"ctl-content\"><!-- Story Title --><div class=\"ctl-title story-1459\" aria-label=\"2\"><a target=\"_self\" title=\"100 Jahre MTV\" href=\"https:\/\/www.mtv-in.de\/fechten\/cool_timeline\/100-jahre-mtv\/\" class=\"story-link\">100 Jahre MTV<\/a><\/div><!-- Story Media --><div class=\"ctl-media full\"><a data-glightbox=\"100 Jahre MTV\" href=\"https:\/\/www.mtv-in.de\/fechten\/files\/2024\/08\/100a.jpg\" class=\"ctl_glightbox\"><img loading=\"lazy\" decoding=\"async\" width=\"1024\" height=\"727\" src=\"https:\/\/www.mtv-in.de\/fechten\/files\/2024\/08\/100a-1024x727.jpg\" class=\"story-img wp-post-image\" alt=\"100 Jahre MTV\" srcset=\"https:\/\/www.mtv-in.de\/fechten\/files\/2024\/08\/100a-1024x727.jpg 1024w, https:\/\/www.mtv-in.de\/fechten\/files\/2024\/08\/100a-300x213.jpg 300w, https:\/\/www.mtv-in.de\/fechten\/files\/2024\/08\/100a-768x545.jpg 768w, https:\/\/www.mtv-in.de\/fechten\/files\/2024\/08\/100a-1536x1090.jpg 1536w, https:\/\/www.mtv-in.de\/fechten\/files\/2024\/08\/100a-2048x1453.jpg 2048w\" sizes=\"auto, (max-width: 1024px) 100vw, 1024px\" \/><\/a><\/div><!-- Story Description --><div class=\"ctl-description\"><p>1981 feierte der MTV 100 j\u00e4hriges Bestehen im Stadttheater.<br \/>\nDie Fechtshow war eines der vielen Highlights.<\/p>\n<\/div><\/div><\/div><!-- Timeline Content --><div  id=\"ctl-story-1448\" class=\"ctl-story ctl-story-dot-icon even ctl-story-left\" data-aos=\"fade-up\"   data-story-index=\"14\" role=\"article\"><!-- Story Date --><div class=\"ctl-labels\"><div class=\"ctl-label-big story-date\">1985<\/div><\/div><!-- Story IconDot --><div class=\"ctl-icondot\"><\/div> <!-- Story Arrow --><div class=\"ctl-arrow\"><\/div><!-- Story Content --><div class=\"ctl-content\"><!-- Story Title --><div class=\"ctl-title story-1448\" aria-label=\"2\"><a target=\"_self\" title=\"Meistertitel\" href=\"https:\/\/www.mtv-in.de\/fechten\/cool_timeline\/meistertitel\/\" class=\"story-link\">Meistertitel<\/a><\/div><!-- Story Media --><div class=\"ctl-media full\"><a data-glightbox=\"Meistertitel\" href=\"https:\/\/www.mtv-in.de\/fechten\/files\/2024\/08\/Schormair.jpg\" class=\"ctl_glightbox\"><img loading=\"lazy\" decoding=\"async\" width=\"1024\" height=\"687\" src=\"https:\/\/www.mtv-in.de\/fechten\/files\/2024\/08\/Schormair-1024x687.jpg\" class=\"story-img wp-post-image\" alt=\"Meistertitel\" srcset=\"https:\/\/www.mtv-in.de\/fechten\/files\/2024\/08\/Schormair-1024x687.jpg 1024w, https:\/\/www.mtv-in.de\/fechten\/files\/2024\/08\/Schormair-300x201.jpg 300w, https:\/\/www.mtv-in.de\/fechten\/files\/2024\/08\/Schormair-768x515.jpg 768w, https:\/\/www.mtv-in.de\/fechten\/files\/2024\/08\/Schormair.jpg 1496w\" sizes=\"auto, (max-width: 1024px) 100vw, 1024px\" \/><\/a><\/div><!-- Story Description --><div class=\"ctl-description\"><p>1985 erk\u00e4mpfte sich J. Halbach im Degen den bayerischen Titel.<br \/>\nNebenher nahmen die Fechter auch an den Friesenkampfmeisterschaften teil.<br \/>\nDas ist ein 5-Kampf im Kugelsto\u00dfen, Luftgewehrschei\u00dfen (damalig), Schwimmen, Laufen und Degenfechten.<br \/>\nHier holten H. Kister und S. Godau den bayerischen Meistertitel.<br \/>\nIn den Folgejahren wurde insbesondere B. Schormair mehrfache bayerische Juniorenmeisterin.<\/p>\n<\/div><\/div><\/div><!-- Timeline Content --><div  id=\"ctl-story-1451\" class=\"ctl-story ctl-story-dot-icon odd ctl-story-right\" data-aos=\"fade-up\"   data-story-index=\"15\" role=\"article\"><!-- Story Date --><div class=\"ctl-labels\"><div class=\"ctl-label-big story-date\">1985<\/div><\/div><!-- Story IconDot --><div class=\"ctl-icondot\"><\/div> <!-- Story Arrow --><div class=\"ctl-arrow\"><\/div><!-- Story Content --><div class=\"ctl-content\"><!-- Story Title --><div class=\"ctl-title story-1451\" aria-label=\"2\"><a target=\"_self\" title=\"EM Teilnahme\" href=\"https:\/\/www.mtv-in.de\/fechten\/cool_timeline\/em-teilnahme\/\" class=\"story-link\">EM Teilnahme<\/a><\/div><!-- Story Description --><div class=\"ctl-description\"><p>In Luxemburg fanden 1985 die Europ\u00e4ischen Seniorenmeisterschaften statt (heute Veteranen), an denen Sven Godau einen guten 8. Platz belegte.<\/p>\n<\/div><\/div><\/div><!-- Timeline Content --><div  id=\"ctl-story-1452\" class=\"ctl-story ctl-story-dot-icon even ctl-story-left\" data-aos=\"fade-up\"   data-story-index=\"16\" role=\"article\"><!-- Story Date --><div class=\"ctl-labels\"><div class=\"ctl-label-big story-date\">1986<\/div><\/div><!-- Story IconDot --><div class=\"ctl-icondot\"><\/div> <!-- Story Arrow --><div class=\"ctl-arrow\"><\/div><!-- Story Content --><div class=\"ctl-content\"><!-- Story Title --><div class=\"ctl-title story-1452\" aria-label=\"2\"><a target=\"_self\" title=\"Ausrichter der DM A-Jugend\" href=\"https:\/\/www.mtv-in.de\/fechten\/cool_timeline\/ausrichter-der-dm-a-jugend\/\" class=\"story-link\">Ausrichter der DM A-Jugend<\/a><\/div><!-- Story Media --><div class=\"ctl-media full\"><a data-glightbox=\"Ausrichter der DM A-Jugend\" href=\"https:\/\/www.mtv-in.de\/fechten\/files\/2024\/08\/DM_AJ.jpg\" class=\"ctl_glightbox\"><img loading=\"lazy\" decoding=\"async\" width=\"1024\" height=\"725\" src=\"https:\/\/www.mtv-in.de\/fechten\/files\/2024\/08\/DM_AJ-1024x725.jpg\" class=\"story-img wp-post-image\" alt=\"Ausrichter der DM A-Jugend\" srcset=\"https:\/\/www.mtv-in.de\/fechten\/files\/2024\/08\/DM_AJ-1024x725.jpg 1024w, https:\/\/www.mtv-in.de\/fechten\/files\/2024\/08\/DM_AJ-300x212.jpg 300w, https:\/\/www.mtv-in.de\/fechten\/files\/2024\/08\/DM_AJ-768x544.jpg 768w, https:\/\/www.mtv-in.de\/fechten\/files\/2024\/08\/DM_AJ-1536x1087.jpg 1536w, https:\/\/www.mtv-in.de\/fechten\/files\/2024\/08\/DM_AJ-2048x1450.jpg 2048w\" sizes=\"auto, (max-width: 1024px) 100vw, 1024px\" \/><\/a><\/div><!-- Story Description --><div class=\"ctl-description\"><p>1986 wurde der MTV-Fechtabteilung die ehrenvolle Aufgabe \u00fcbergeben, die Deutsche A-Jugend Meisterschaften in allen Waffen auszurichten. Eine Mammutaufgabe, die durch die Mitarbeit aller Fechter gut gel\u00f6st wurde.<\/p>\n<\/div><\/div><\/div><!-- Timeline Content --><div  id=\"ctl-story-1439\" class=\"ctl-story ctl-story-dot-icon odd ctl-story-right\" data-aos=\"fade-up\"   data-story-index=\"17\" role=\"article\"><!-- Story Date --><div class=\"ctl-labels\"><div class=\"ctl-label-big story-date\">1988<\/div><\/div><!-- Story IconDot --><div class=\"ctl-icondot\"><\/div> <!-- Story Arrow --><div class=\"ctl-arrow\"><\/div><!-- Story Content --><div class=\"ctl-content\"><!-- Story Title --><div class=\"ctl-title story-1439\" aria-label=\"2\"><a target=\"_self\" title=\"Musketiere &#8211; B\u00fcrgerfest\" href=\"https:\/\/www.mtv-in.de\/fechten\/cool_timeline\/musketiere-buergerfest\/\" class=\"story-link\">Musketiere &#8211; B\u00fcrgerfest<\/a><\/div><!-- Story Media --><div class=\"ctl-media full\"><a data-glightbox=\"Musketiere &#8211; B\u00fcrgerfest\" href=\"https:\/\/www.mtv-in.de\/fechten\/files\/2024\/08\/Musketiere.jpg\" class=\"ctl_glightbox\"><img loading=\"lazy\" decoding=\"async\" width=\"1024\" height=\"688\" src=\"https:\/\/www.mtv-in.de\/fechten\/files\/2024\/08\/Musketiere-1024x688.jpg\" class=\"story-img wp-post-image\" alt=\"Musketiere &#8211; B\u00fcrgerfest\" srcset=\"https:\/\/www.mtv-in.de\/fechten\/files\/2024\/08\/Musketiere-1024x688.jpg 1024w, https:\/\/www.mtv-in.de\/fechten\/files\/2024\/08\/Musketiere-300x202.jpg 300w, https:\/\/www.mtv-in.de\/fechten\/files\/2024\/08\/Musketiere-768x516.jpg 768w, https:\/\/www.mtv-in.de\/fechten\/files\/2024\/08\/Musketiere-1536x1032.jpg 1536w, https:\/\/www.mtv-in.de\/fechten\/files\/2024\/08\/Musketiere.jpg 1545w\" sizes=\"auto, (max-width: 1024px) 100vw, 1024px\" \/><\/a><\/div><!-- Story Description --><div class=\"ctl-description\"><p>1988 durfe die Abteilung beim Ingolst\u00e4dter B\u00fcrgerfest mit der Fechteinlage unserer Musketiere in den historischen Kost\u00fcmen auftreten.<\/p>\n<\/div><\/div><\/div><!-- Timeline Content --><div  id=\"ctl-story-1454\" class=\"ctl-story ctl-story-dot-icon even ctl-story-left\" data-aos=\"fade-up\"   data-story-index=\"18\" role=\"article\"><!-- Story Date --><div class=\"ctl-labels\"><div class=\"ctl-label-big story-date\">2003<\/div><\/div><!-- Story IconDot --><div class=\"ctl-icondot\"><\/div> <!-- Story Arrow --><div class=\"ctl-arrow\"><\/div><!-- Story Content --><div class=\"ctl-content\"><!-- Story Title --><div class=\"ctl-title story-1454\" aria-label=\"2\"><a target=\"_self\" title=\"Weitere Erfolge\" href=\"https:\/\/www.mtv-in.de\/fechten\/cool_timeline\/weitere-erfolge\/\" class=\"story-link\">Weitere Erfolge<\/a><\/div><!-- Story Media --><div class=\"ctl-media full\"><a data-glightbox=\"Weitere Erfolge\" href=\"https:\/\/www.mtv-in.de\/fechten\/files\/2024\/08\/Schmidt.jpg\" class=\"ctl_glightbox\"><img loading=\"lazy\" decoding=\"async\" width=\"1024\" height=\"690\" src=\"https:\/\/www.mtv-in.de\/fechten\/files\/2024\/08\/Schmidt-1024x690.jpg\" class=\"story-img wp-post-image\" alt=\"Weitere Erfolge\" srcset=\"https:\/\/www.mtv-in.de\/fechten\/files\/2024\/08\/Schmidt-1024x690.jpg 1024w, https:\/\/www.mtv-in.de\/fechten\/files\/2024\/08\/Schmidt-300x202.jpg 300w, https:\/\/www.mtv-in.de\/fechten\/files\/2024\/08\/Schmidt-768x518.jpg 768w, https:\/\/www.mtv-in.de\/fechten\/files\/2024\/08\/Schmidt.jpg 1495w\" sizes=\"auto, (max-width: 1024px) 100vw, 1024px\" \/><\/a><\/div><!-- Story Description --><div class=\"ctl-description\"><p>Der erfolgreiche Trend der MTV-Fechter hielt an.<br \/>\nWeitere Bayerische- und Oberbayerische Meistertitel wurden erfochten.<br \/>\nChristian Schmidt, Christian Sacher und Bernhard Schlagbauer wurden als \u00dcbungsleiter aktiv.<\/p>\n<\/div><\/div><\/div><!-- Timeline Content --><div  id=\"ctl-story-1456\" class=\"ctl-story ctl-story-dot-icon odd ctl-story-right\" data-aos=\"fade-up\"   data-story-index=\"19\" role=\"article\"><!-- Story Date --><div class=\"ctl-labels\"><div class=\"ctl-label-big story-date\">2005<\/div><\/div><!-- Story IconDot --><div class=\"ctl-icondot\"><\/div> <!-- Story Arrow --><div class=\"ctl-arrow\"><\/div><!-- Story Content --><div class=\"ctl-content\"><!-- Story Title --><div class=\"ctl-title story-1456\" aria-label=\"2\"><a target=\"_self\" title=\"Schulmeister\" href=\"https:\/\/www.mtv-in.de\/fechten\/cool_timeline\/schulmeister\/\" class=\"story-link\">Schulmeister<\/a><\/div><!-- Story Description --><div class=\"ctl-description\"><p>2005 gewannen die Sch\u00fcler des Reuchlin Gymnasiums die Bayerische Meisterschaft im Florett mit F. Scheuer, C. Leng und C. Widmann.<br \/>\nIm Degen erreichten B. Schlagbauer, T. Off, A. Rehn und T. Hocks ebenfalls den Titel.<\/p>\n<\/div><\/div><\/div><!-- Timeline Content --><div  id=\"ctl-story-1469\" class=\"ctl-story ctl-story-dot-icon even ctl-story-left\" data-aos=\"fade-up\"   data-story-index=\"20\" role=\"article\"><!-- Story Date --><div class=\"ctl-labels\"><div class=\"ctl-label-big story-date\">2018<\/div><\/div><!-- Story IconDot --><div class=\"ctl-icondot\"><\/div> <!-- Story Arrow --><div class=\"ctl-arrow\"><\/div><!-- Story Content --><div class=\"ctl-content\"><!-- Story Title --><div class=\"ctl-title story-1469\" aria-label=\"2\"><a target=\"_self\" title=\"Masters WM Moderner F\u00fcnfkampf\" href=\"https:\/\/www.mtv-in.de\/fechten\/cool_timeline\/masters-wm-moderner-fuenfkampf\/\" class=\"story-link\">Masters WM Moderner F\u00fcnfkampf<\/a><\/div><!-- Story Media --><div class=\"ctl-media full\"><a data-glightbox=\"Masters WM Moderner F\u00fcnfkampf\" href=\"https:\/\/www.mtv-in.de\/fechten\/files\/2024\/08\/Dirk.jpg\" class=\"ctl_glightbox\"><img loading=\"lazy\" decoding=\"async\" width=\"1024\" height=\"683\" src=\"https:\/\/www.mtv-in.de\/fechten\/files\/2024\/08\/Dirk-1024x683.jpg\" class=\"story-img wp-post-image\" alt=\"Masters WM Moderner F\u00fcnfkampf\" srcset=\"https:\/\/www.mtv-in.de\/fechten\/files\/2024\/08\/Dirk-1024x683.jpg 1024w, https:\/\/www.mtv-in.de\/fechten\/files\/2024\/08\/Dirk-300x200.jpg 300w, https:\/\/www.mtv-in.de\/fechten\/files\/2024\/08\/Dirk-768x512.jpg 768w, https:\/\/www.mtv-in.de\/fechten\/files\/2024\/08\/Dirk-1536x1024.jpg 1536w, https:\/\/www.mtv-in.de\/fechten\/files\/2024\/08\/Dirk.jpg 1920w\" sizes=\"auto, (max-width: 1024px) 100vw, 1024px\" \/><\/a><\/div><!-- Story Description --><div class=\"ctl-description\"><p>In seinem ersten internationalen Wettkampf erk\u00e4mpfte Dirk dabei nicht nur den 3. Platz im Einzel in einem starken Teilnehmerfeld, sondern gewann dar\u00fcber hinaus Bronze als Teil des Teams Deutschland \u00fcber die Altersklassen 30+, 40+ und 50+ hinweg.<\/p>\n<\/div><\/div><\/div><!-- Timeline Content --><div  id=\"ctl-story-1466\" class=\"ctl-story ctl-story-dot-icon odd ctl-story-right\" data-aos=\"fade-up\"   data-story-index=\"21\" role=\"article\"><!-- Story Date --><div class=\"ctl-labels\"><div class=\"ctl-label-big story-date\">2019<\/div><\/div><!-- Story IconDot --><div class=\"ctl-icondot\"><\/div> <!-- Story Arrow --><div class=\"ctl-arrow\"><\/div><!-- Story Content --><div class=\"ctl-content\"><!-- Story Title --><div class=\"ctl-title story-1466\" aria-label=\"2\"><a target=\"_self\" title=\"Koppenhofer wird B-Trainer Leistungssport\" href=\"https:\/\/www.mtv-in.de\/fechten\/cool_timeline\/koppenhofer-wird-b-trainer-leistungssport\/\" class=\"story-link\">Koppenhofer wird B-Trainer Leistungssport<\/a><\/div><!-- Story Media --><div class=\"ctl-media full\"><a data-glightbox=\"Koppenhofer wird B-Trainer Leistungssport\" href=\"https:\/\/www.mtv-in.de\/fechten\/files\/2024\/08\/B-Trainer-scaled.jpg\" class=\"ctl_glightbox\"><img loading=\"lazy\" decoding=\"async\" width=\"1024\" height=\"768\" src=\"https:\/\/www.mtv-in.de\/fechten\/files\/2024\/08\/B-Trainer-1024x768.jpg\" class=\"story-img wp-post-image\" alt=\"Koppenhofer wird B-Trainer Leistungssport\" srcset=\"https:\/\/www.mtv-in.de\/fechten\/files\/2024\/08\/B-Trainer-1024x768.jpg 1024w, https:\/\/www.mtv-in.de\/fechten\/files\/2024\/08\/B-Trainer-300x225.jpg 300w, https:\/\/www.mtv-in.de\/fechten\/files\/2024\/08\/B-Trainer-768x576.jpg 768w, https:\/\/www.mtv-in.de\/fechten\/files\/2024\/08\/B-Trainer-1536x1152.jpg 1536w, https:\/\/www.mtv-in.de\/fechten\/files\/2024\/08\/B-Trainer-2048x1536.jpg 2048w\" sizes=\"auto, (max-width: 1024px) 100vw, 1024px\" \/><\/a><\/div><!-- Story Description --><div class=\"ctl-description\"><p>2019 bestand Stefan Koppenhofer die Pr\u00fcfung zum B-Trainer Leistungssport Degen.<br \/>\nAu\u00dferdem machten in den n\u00e4chsten Jahren sechs weitere Fechter die C-Trainerausbildung.<\/p>\n<\/div><\/div><\/div><!-- Timeline Content --><div  id=\"ctl-story-1464\" class=\"ctl-story ctl-story-dot-icon even ctl-story-left\" data-aos=\"fade-up\"   data-story-index=\"22\" role=\"article\"><!-- Story Date --><div class=\"ctl-labels\"><div class=\"ctl-label-big story-date\">2021<\/div><\/div><!-- Story IconDot --><div class=\"ctl-icondot\"><\/div> <!-- Story Arrow --><div class=\"ctl-arrow\"><\/div><!-- Story Content --><div class=\"ctl-content\"><!-- Story Title --><div class=\"ctl-title story-1464\" aria-label=\"2\"><a target=\"_self\" title=\"Trainings Stopp\" href=\"https:\/\/www.mtv-in.de\/fechten\/cool_timeline\/trainings-stopp\/\" class=\"story-link\">Trainings Stopp<\/a><\/div><!-- Story Description --><div class=\"ctl-description\"><p>Aufgrund den Ausgangsbeschr\u00e4nkugen durch das Covid-19 Virus wurde das Pr\u00e4senztraining zwischenzeitlich komplett eingestellt.<br \/>\nDas Trainerteam bot jedoch an jedem Trainingstag Onlinekurse an.<br \/>\nEine neue und ungewohnte Trainingssituation. <\/p>\n<\/div><\/div><\/div><!-- Timeline Content --><div  id=\"ctl-story-1465\" class=\"ctl-story ctl-story-dot-icon odd ctl-story-right\" data-aos=\"fade-up\"   data-story-index=\"23\" role=\"article\"><!-- Story Date --><div class=\"ctl-labels\"><div class=\"ctl-label-big story-date\">2021<\/div><\/div><!-- Story IconDot --><div class=\"ctl-icondot\"><\/div> <!-- Story Arrow --><div class=\"ctl-arrow\"><\/div><!-- Story Content --><div class=\"ctl-content\"><!-- Story Title --><div class=\"ctl-title story-1465\" aria-label=\"2\"><a target=\"_self\" title=\"Sven Godau wird Ehrenabteilungsleiter\" href=\"https:\/\/www.mtv-in.de\/fechten\/cool_timeline\/godau-wird-ehrenabteilungsleiter\/\" class=\"story-link\">Sven Godau wird Ehrenabteilungsleiter<\/a><\/div><!-- Story Media --><div class=\"ctl-media full\"><a data-glightbox=\"Sven Godau wird Ehrenabteilungsleiter\" href=\"https:\/\/www.mtv-in.de\/fechten\/files\/2024\/08\/Neuwahl.jpg\" class=\"ctl_glightbox\"><img loading=\"lazy\" decoding=\"async\" width=\"1022\" height=\"1024\" src=\"https:\/\/www.mtv-in.de\/fechten\/files\/2024\/08\/Neuwahl-1022x1024.jpg\" class=\"story-img wp-post-image\" alt=\"Sven Godau wird Ehrenabteilungsleiter\" srcset=\"https:\/\/www.mtv-in.de\/fechten\/files\/2024\/08\/Neuwahl-1022x1024.jpg 1022w, https:\/\/www.mtv-in.de\/fechten\/files\/2024\/08\/Neuwahl-300x300.jpg 300w, https:\/\/www.mtv-in.de\/fechten\/files\/2024\/08\/Neuwahl-150x150.jpg 150w, https:\/\/www.mtv-in.de\/fechten\/files\/2024\/08\/Neuwahl-768x769.jpg 768w, https:\/\/www.mtv-in.de\/fechten\/files\/2024\/08\/Neuwahl-1533x1536.jpg 1533w, https:\/\/www.mtv-in.de\/fechten\/files\/2024\/08\/Neuwahl.jpg 1574w\" sizes=\"auto, (max-width: 1022px) 100vw, 1022px\" \/><\/a><\/div><!-- Story Description --><div class=\"ctl-description\"><p>2021 wurde Sven Godau nach vielen Jahrzehnten als Abteilungsleiter Fechten von Heike D\u00fctsch abgel\u00f6st.<br \/>\nAls W\u00fcrdigung wurde er zum Ehrenabteilungsleiter gew\u00e4hlt.<br \/>\nBereits 2010 wurde er zum Ehrenmitglied vom MTV Ingolstadt ernannt.<\/p>\n<\/div><\/div><\/div><!-- Timeline Content --><div  id=\"ctl-story-1462\" class=\"ctl-story ctl-story-dot-icon even ctl-story-left\" data-aos=\"fade-up\"   data-story-index=\"24\" role=\"article\"><!-- Story Date --><div class=\"ctl-labels\"><div class=\"ctl-label-big story-date\">2023<\/div><\/div><!-- Story IconDot --><div class=\"ctl-icondot\"><\/div> <!-- Story Arrow --><div class=\"ctl-arrow\"><\/div><!-- Story Content --><div class=\"ctl-content\"><!-- Story Title --><div class=\"ctl-title story-1462\" aria-label=\"2\"><a target=\"_self\" title=\"Oberbayerische Meister\" href=\"https:\/\/www.mtv-in.de\/fechten\/cool_timeline\/oberbayerische-meister\/\" class=\"story-link\">Oberbayerische Meister<\/a><\/div><!-- Story Media --><div class=\"ctl-media full\"><a data-glightbox=\"Oberbayerische Meister\" href=\"https:\/\/www.mtv-in.de\/fechten\/files\/2024\/08\/OBM_2023.jpg\" class=\"ctl_glightbox\"><img loading=\"lazy\" decoding=\"async\" width=\"1024\" height=\"578\" src=\"https:\/\/www.mtv-in.de\/fechten\/files\/2024\/08\/OBM_2023.jpg\" class=\"story-img wp-post-image\" alt=\"Oberbayerische Meister\" srcset=\"https:\/\/www.mtv-in.de\/fechten\/files\/2024\/08\/OBM_2023.jpg 1024w, https:\/\/www.mtv-in.de\/fechten\/files\/2024\/08\/OBM_2023-300x169.jpg 300w, https:\/\/www.mtv-in.de\/fechten\/files\/2024\/08\/OBM_2023-768x434.jpg 768w\" sizes=\"auto, (max-width: 1024px) 100vw, 1024px\" \/><\/a><\/div><!-- Story Description --><div class=\"ctl-description\"><p>Unsere Erwachsenen Anne Engel und Stefan Koppenhofer holten jeweils im Degen den Oberbayrischen Meistertitel.<br \/>\nIn der U13 erreichten Luisa Kiesslich und Anastasia Khirianova Bronze.<br \/>\nFunfact: Allesamt Linksh\u00e4nder.<\/p>\n<\/div><\/div><\/div><!-- Timeline Content --><div  id=\"ctl-story-1461\" class=\"ctl-story ctl-story-dot-icon odd ctl-story-right\" data-aos=\"fade-up\"   data-story-index=\"25\" role=\"article\"><!-- Story Date --><div class=\"ctl-labels\"><div class=\"ctl-label-big story-date\">2024<\/div><\/div><!-- Story IconDot --><div class=\"ctl-icondot\"><\/div> <!-- Story Arrow --><div class=\"ctl-arrow\"><\/div><!-- Story Content --><div class=\"ctl-content\"><!-- Story Title --><div class=\"ctl-title story-1461\" aria-label=\"2\"><a target=\"_self\" title=\"Ausrichter der BM Degen\" href=\"https:\/\/www.mtv-in.de\/fechten\/cool_timeline\/ausrichter-der-bm-degen\/\" class=\"story-link\">Ausrichter der BM Degen<\/a><\/div><!-- Story Media --><div class=\"ctl-media full\"><a data-glightbox=\"Ausrichter der BM Degen\" href=\"https:\/\/www.mtv-in.de\/fechten\/files\/2024\/03\/Kopie-von-DSC01622-scaled.jpg\" class=\"ctl_glightbox\"><img loading=\"lazy\" decoding=\"async\" width=\"1024\" height=\"585\" src=\"https:\/\/www.mtv-in.de\/fechten\/files\/2024\/03\/Kopie-von-DSC01622-1024x585.jpg\" class=\"story-img wp-post-image\" alt=\"Ausrichter der BM Degen\" srcset=\"https:\/\/www.mtv-in.de\/fechten\/files\/2024\/03\/Kopie-von-DSC01622-1024x585.jpg 1024w, https:\/\/www.mtv-in.de\/fechten\/files\/2024\/03\/Kopie-von-DSC01622-300x171.jpg 300w, https:\/\/www.mtv-in.de\/fechten\/files\/2024\/03\/Kopie-von-DSC01622-768x439.jpg 768w, https:\/\/www.mtv-in.de\/fechten\/files\/2024\/03\/Kopie-von-DSC01622-1536x877.jpg 1536w, https:\/\/www.mtv-in.de\/fechten\/files\/2024\/03\/Kopie-von-DSC01622-2048x1170.jpg 2048w\" sizes=\"auto, (max-width: 1024px) 100vw, 1024px\" \/><\/a><\/div><!-- Story Description --><div class=\"ctl-description\"><p>2024 durften wir die Bayerische Meisterschaft Degen veranstalten.<br \/>\n\u00dcber 200 Teilnehmer konnten wir in Ingolstadt begr\u00fc\u00dfen.<br \/>\nUnsere Jugendfechter holten einige Podestpl\u00e4tze, f\u00fcr den Titel hat es knapp nicht gereicht.<\/p>\n<\/div><\/div><\/div><!-- Timeline Content --><div  id=\"ctl-story-1979\" class=\"ctl-story ctl-story-dot-icon even ctl-story-left\" data-aos=\"fade-up\"   data-story-index=\"26\" role=\"article\"><!-- Story Date --><div class=\"ctl-labels\"><div class=\"ctl-label-big story-date\">2025<\/div><\/div><!-- Story IconDot --><div class=\"ctl-icondot\"><\/div> <!-- Story Arrow --><div class=\"ctl-arrow\"><\/div><!-- Story Content --><div class=\"ctl-content\"><!-- Story Title --><div class=\"ctl-title story-1979\" aria-label=\"2\"><a target=\"_self\" title=\"Breitensportstandort des BFV\" href=\"https:\/\/www.mtv-in.de\/fechten\/cool_timeline\/breitensportstandort-des-bfv\/\" class=\"story-link\">Breitensportstandort des BFV<\/a><\/div><!-- Story Media --><div class=\"ctl-media full\"><a data-glightbox=\"Breitensportstandort des BFV\" href=\"https:\/\/www.mtv-in.de\/fechten\/files\/2025\/09\/BFV_Logo_nur_Raute.jpg\" class=\"ctl_glightbox\"><img loading=\"lazy\" decoding=\"async\" width=\"256\" height=\"256\" src=\"https:\/\/www.mtv-in.de\/fechten\/files\/2025\/09\/BFV_Logo_nur_Raute.jpg\" class=\"story-img wp-post-image\" alt=\"Breitensportstandort des BFV\" srcset=\"https:\/\/www.mtv-in.de\/fechten\/files\/2025\/09\/BFV_Logo_nur_Raute.jpg 256w, https:\/\/www.mtv-in.de\/fechten\/files\/2025\/09\/BFV_Logo_nur_Raute-150x150.jpg 150w\" sizes=\"auto, (max-width: 256px) 100vw, 256px\" \/><\/a><\/div><!-- Story Description --><div class=\"ctl-description\"><p>Seit 2025 d\u00fcrfen wir uns offizieller Breitensportstandort des Bayerischen Fechterverbandes nennen.Freitags findet ab sofort ein offenes Training statt.<\/p>\n<p>Luisa erreichte den 3. Platz bei der DM U15 Damen Degen.<\/p>\n<\/div><\/div><\/div>\t\t\t\t\t<\/div>\n\t\t\t\t\t<div class=\"ctl-end\"><\/div>\n\t\t\t\t\t\t\t\t\t<\/div>\n\t\t\t<\/div>\n\t\t\t\n\n\n<div style=\"height:50px\" aria-hidden=\"true\" class=\"wp-block-spacer\"><\/div>\n\n\n\n<div class=\"wp-block-buttons is-content-justification-center is-layout-flex wp-container-core-buttons-is-layout-16018d1d wp-block-buttons-is-layout-flex\">\n<div class=\"wp-block-button\"><a class=\"wp-block-button__link has-white-color has-vivid-purple-background-color has-text-color has-background has-link-color wp-element-button\" href=\"https:\/\/www.mtv-in.de\/fechten\/ueber-uns\/funktionen\/\">Zur aktuellen Abteilungsleitung<\/a><\/div>\n<\/div>\n\n\n\n<p><\/p>\n","protected":false},"excerpt":{"rendered":"","protected":false},"author":1,"featured_media":0,"parent":782,"menu_order":1,"comment_status":"closed","ping_status":"closed","template":"","meta":{"footnotes":""},"class_list":["post-1419","page","type-page","status-publish","hentry"],"_links":{"self":[{"href":"https:\/\/www.mtv-in.de\/fechten\/wp-json\/wp\/v2\/pages\/1419","targetHints":{"allow":["GET"]}}],"collection":[{"href":"https:\/\/www.mtv-in.de\/fechten\/wp-json\/wp\/v2\/pages"}],"about":[{"href":"https:\/\/www.mtv-in.de\/fechten\/wp-json\/wp\/v2\/types\/page"}],"author":[{"embeddable":true,"href":"https:\/\/www.mtv-in.de\/fechten\/wp-json\/wp\/v2\/users\/1"}],"replies":[{"embeddable":true,"href":"https:\/\/www.mtv-in.de\/fechten\/wp-json\/wp\/v2\/comments?post=1419"}],"version-history":[{"count":8,"href":"https:\/\/www.mtv-in.de\/fechten\/wp-json\/wp\/v2\/pages\/1419\/revisions"}],"predecessor-version":[{"id":1907,"href":"https:\/\/www.mtv-in.de\/fechten\/wp-json\/wp\/v2\/pages\/1419\/revisions\/1907"}],"up":[{"embeddable":true,"href":"https:\/\/www.mtv-in.de\/fechten\/wp-json\/wp\/v2\/pages\/782"}],"wp:attachment":[{"href":"https:\/\/www.mtv-in.de\/fechten\/wp-json\/wp\/v2\/media?parent=1419"}],"curies":[{"name":"wp","href":"https:\/\/api.w.org\/{rel}","templated":true}]}}