{"id":1722,"date":"2025-07-24T20:35:40","date_gmt":"2025-07-24T18:35:40","guid":{"rendered":"https:\/\/www.mtv-in.de\/fechten\/?page_id=1722"},"modified":"2025-08-31T10:44:55","modified_gmt":"2025-08-31T08:44:55","slug":"partnerverein-carrara","status":"publish","type":"page","link":"https:\/\/www.mtv-in.de\/fechten\/ueber-uns\/partnerverein-carrara\/","title":{"rendered":"Partnerverein Carrara"},"content":{"rendered":"\n<h2 class=\"wp-block-heading fly-in fly-in-delay-1\"><strong>Fechten in Carrara 2025<\/strong><\/h2>\n\n\n\n<p class=\"fly-in fly-in-delay-2\">In der ersten Pfingstferienwoche (8. bis 14. Juni 2025) haben 10 Fechter aus Ingolstadt in Begleitung von 3 Trainern, <br>die Fechter der Partnerstadt Carrara (<a href=\"https:\/\/www.clubschermaapuano.it\/obiettivo-scherma\/\">Club Scherma Apuano<\/a>) besucht. <br>Die Ingolst\u00e4dter Fechtabteilungen haben sich zusammengetan und sind mit den jeweiligen Vereinsbussen nach Italien gefahren. <br>Dort wurde, trotz der sommerlichen Temperaturen, in der CarraraFiere (die \u00f6rtliche Messe) intensiv gegen die Gastgeber gefochten. <br>An zwei unterschiedlichen Tagen wurden zus\u00e4tzlich benachbarte Vereine (Societ\u00e1 Schermistica Malaspina aus Massa und Circolo Scherma aus La Spezia) zum Training eingeladen.<\/p>\n\n\n\n<div style=\"height:30px\" aria-hidden=\"true\" class=\"wp-block-spacer\"><\/div>\n\n\n\n<p><a id=\"_msocom_1\"><\/a><\/p>\n\n\n<div class=\"wp-block-image fly-in fly-in-delay-3\">\n<figure class=\"aligncenter size-large\"><a href=\"https:\/\/www.mtv-in.de\/fechten\/files\/2025\/07\/DSC_0162-scaled.jpg\"><img loading=\"lazy\" decoding=\"async\" width=\"1024\" height=\"680\" src=\"https:\/\/www.mtv-in.de\/fechten\/files\/2025\/07\/DSC_0162-1024x680.jpg\" alt=\"\" class=\"wp-image-1723\" srcset=\"https:\/\/www.mtv-in.de\/fechten\/files\/2025\/07\/DSC_0162-1024x680.jpg 1024w, https:\/\/www.mtv-in.de\/fechten\/files\/2025\/07\/DSC_0162-300x199.jpg 300w, https:\/\/www.mtv-in.de\/fechten\/files\/2025\/07\/DSC_0162-768x510.jpg 768w, https:\/\/www.mtv-in.de\/fechten\/files\/2025\/07\/DSC_0162-1536x1020.jpg 1536w, https:\/\/www.mtv-in.de\/fechten\/files\/2025\/07\/DSC_0162-2048x1360.jpg 2048w\" sizes=\"auto, (max-width: 1024px) 100vw, 1024px\" \/><\/a><figcaption class=\"wp-element-caption\"><em>Die ganze Gruppe mit Fechtern aus Ingolstadt und aus Carrara<\/em><\/figcaption><\/figure>\n<\/div>\n\n\n<div style=\"height:30px\" aria-hidden=\"true\" class=\"wp-block-spacer\"><\/div>\n\n\n\n<p class=\"fly-in-fly-in-delay-1\">In dieser Woche haben die italienischen und die deutschen Fechter die Klinge gekreuzt und es gab verschiedene M\u00f6glichkeiten, andere Fecht-Realit\u00e4ten kennenzulernen, au\u00dferhalb des olympischen Fechtens, wie das Blinden-Fechten und das Mittelalterliches Fechten.<\/p>\n\n\n\n<p class=\"fly-in-fly-in-delay-1\">Ein weiterer wichtiger Teil dieses Besuchs war die Erkundung der Region. Deswegen wurden zusammen mit den Fechtern aus Carrara weitere Aktivit\u00e4ten geplant, die keinen direkten Bezug auf das Fechten hatten. Diese gemeinsamen Momente gaben die Gelegenheit, sich untereinander auszutauschen, sich durch das gemeinsame Erleben besser kennenzulernen. Zusammen wurde nach Molino del Piano (Castelnuovo Magra) bis zu den \u00f6rtlichen Wasserf\u00e4llen gewandert.<\/p>\n\n\n\n<div style=\"height:100px\" aria-hidden=\"true\" class=\"wp-block-spacer\"><\/div>\n\n\n\n<h1 class=\"wp-block-heading has-text-align-center fly-in fly-in-delay-1\">Impressionen<\/h1>\n\n\n\n<div style=\"height:100px\" aria-hidden=\"true\" class=\"wp-block-spacer\"><\/div>\n\n\n\n<p><\/p>\n\n\n\n<h2 class=\"wp-block-heading has-text-align-center fly-in fly-in-delay-1\">Fechten &amp; Blinden-Fechten<\/h2>\n\n\n\n<div class=\"wp-block-columns is-layout-flex wp-container-core-columns-is-layout-9d6595d7 wp-block-columns-is-layout-flex\">\n<div class=\"wp-block-column is-layout-flow wp-block-column-is-layout-flow\">\n<figure class=\"wp-block-image size-large fly-in fly-in-delay-1\"><a href=\"https:\/\/www.mtv-in.de\/fechten\/files\/2025\/07\/IMG_20250611_100335.jpg\"><img loading=\"lazy\" decoding=\"async\" width=\"577\" height=\"1024\" src=\"https:\/\/www.mtv-in.de\/fechten\/files\/2025\/07\/IMG_20250611_100335-577x1024.jpg\" alt=\"\" class=\"wp-image-1742\" style=\"aspect-ratio:4\/3;object-fit:cover\" srcset=\"https:\/\/www.mtv-in.de\/fechten\/files\/2025\/07\/IMG_20250611_100335-577x1024.jpg 577w, https:\/\/www.mtv-in.de\/fechten\/files\/2025\/07\/IMG_20250611_100335-169x300.jpg 169w, https:\/\/www.mtv-in.de\/fechten\/files\/2025\/07\/IMG_20250611_100335.jpg 676w\" sizes=\"auto, (max-width: 577px) 100vw, 577px\" \/><\/a><\/figure>\n<\/div>\n\n\n\n<div class=\"wp-block-column is-layout-flow wp-block-column-is-layout-flow\">\n<figure class=\"wp-block-image size-full fly-in fly-in-delay-2\"><a href=\"https:\/\/www.mtv-in.de\/fechten\/files\/2025\/07\/IMG_20250611_103633.jpg\"><img loading=\"lazy\" decoding=\"async\" width=\"800\" height=\"451\" src=\"https:\/\/www.mtv-in.de\/fechten\/files\/2025\/07\/IMG_20250611_103633.jpg\" alt=\"\" class=\"wp-image-1743\" style=\"aspect-ratio:4\/3;object-fit:cover\" srcset=\"https:\/\/www.mtv-in.de\/fechten\/files\/2025\/07\/IMG_20250611_103633.jpg 800w, https:\/\/www.mtv-in.de\/fechten\/files\/2025\/07\/IMG_20250611_103633-300x169.jpg 300w, https:\/\/www.mtv-in.de\/fechten\/files\/2025\/07\/IMG_20250611_103633-768x433.jpg 768w\" sizes=\"auto, (max-width: 800px) 100vw, 800px\" \/><\/a><\/figure>\n<\/div>\n\n\n\n<div class=\"wp-block-column is-layout-flow wp-block-column-is-layout-flow\">\n<figure class=\"wp-block-image size-large fly-in fly-in-delay-3\"><a href=\"https:\/\/www.mtv-in.de\/fechten\/files\/2025\/07\/IMG_20250611_112035.jpg\"><img loading=\"lazy\" decoding=\"async\" width=\"577\" height=\"1024\" src=\"https:\/\/www.mtv-in.de\/fechten\/files\/2025\/07\/IMG_20250611_112035-577x1024.jpg\" alt=\"\" class=\"wp-image-1744\" style=\"aspect-ratio:4\/3;object-fit:cover\" srcset=\"https:\/\/www.mtv-in.de\/fechten\/files\/2025\/07\/IMG_20250611_112035-577x1024.jpg 577w, https:\/\/www.mtv-in.de\/fechten\/files\/2025\/07\/IMG_20250611_112035-169x300.jpg 169w, https:\/\/www.mtv-in.de\/fechten\/files\/2025\/07\/IMG_20250611_112035.jpg 676w\" sizes=\"auto, (max-width: 577px) 100vw, 577px\" \/><\/a><\/figure>\n<\/div>\n<\/div>\n\n\n\n<h3 class=\"wp-block-heading has-text-align-center fly-in fly-in-delay-1\">Trainer am Arbeiten<\/h3>\n\n\n\n<div class=\"wp-block-columns is-layout-flex wp-container-core-columns-is-layout-9d6595d7 wp-block-columns-is-layout-flex\">\n<div class=\"wp-block-column is-layout-flow wp-block-column-is-layout-flow\">\n<figure class=\"wp-block-image size-large fly-in fly-in-delay-1\"><a href=\"https:\/\/www.mtv-in.de\/fechten\/files\/2025\/07\/20250612_112350.jpg\"><img loading=\"lazy\" decoding=\"async\" width=\"1024\" height=\"768\" src=\"https:\/\/www.mtv-in.de\/fechten\/files\/2025\/07\/20250612_112350-1024x768.jpg\" alt=\"\" class=\"wp-image-1724\" style=\"aspect-ratio:4\/3;object-fit:cover\" srcset=\"https:\/\/www.mtv-in.de\/fechten\/files\/2025\/07\/20250612_112350-1024x768.jpg 1024w, https:\/\/www.mtv-in.de\/fechten\/files\/2025\/07\/20250612_112350-300x225.jpg 300w, https:\/\/www.mtv-in.de\/fechten\/files\/2025\/07\/20250612_112350-768x576.jpg 768w, https:\/\/www.mtv-in.de\/fechten\/files\/2025\/07\/20250612_112350.jpg 1382w\" sizes=\"auto, (max-width: 1024px) 100vw, 1024px\" \/><\/a><\/figure>\n<\/div>\n\n\n\n<div class=\"wp-block-column is-layout-flow wp-block-column-is-layout-flow\">\n<figure class=\"wp-block-image size-full fly-in fly-in-delay-2\"><a href=\"https:\/\/www.mtv-in.de\/fechten\/files\/2025\/07\/DSC_0111.jpg\"><img loading=\"lazy\" decoding=\"async\" width=\"857\" height=\"569\" src=\"https:\/\/www.mtv-in.de\/fechten\/files\/2025\/07\/DSC_0111.jpg\" alt=\"\" class=\"wp-image-1725\" style=\"aspect-ratio:4\/3;object-fit:cover\" srcset=\"https:\/\/www.mtv-in.de\/fechten\/files\/2025\/07\/DSC_0111.jpg 857w, https:\/\/www.mtv-in.de\/fechten\/files\/2025\/07\/DSC_0111-300x199.jpg 300w, https:\/\/www.mtv-in.de\/fechten\/files\/2025\/07\/DSC_0111-768x510.jpg 768w\" sizes=\"auto, (max-width: 857px) 100vw, 857px\" \/><\/a><\/figure>\n<\/div>\n\n\n\n<div class=\"wp-block-column is-layout-flow wp-block-column-is-layout-flow\">\n<figure class=\"wp-block-image size-full fly-in fly-in-delay-3\"><a href=\"https:\/\/www.mtv-in.de\/fechten\/files\/2025\/07\/DSC_0115.jpg\"><img loading=\"lazy\" decoding=\"async\" width=\"857\" height=\"569\" src=\"https:\/\/www.mtv-in.de\/fechten\/files\/2025\/07\/DSC_0115.jpg\" alt=\"\" class=\"wp-image-1726\" style=\"aspect-ratio:4\/3;object-fit:cover\" srcset=\"https:\/\/www.mtv-in.de\/fechten\/files\/2025\/07\/DSC_0115.jpg 857w, https:\/\/www.mtv-in.de\/fechten\/files\/2025\/07\/DSC_0115-300x199.jpg 300w, https:\/\/www.mtv-in.de\/fechten\/files\/2025\/07\/DSC_0115-768x510.jpg 768w\" sizes=\"auto, (max-width: 857px) 100vw, 857px\" \/><\/a><\/figure>\n<\/div>\n<\/div>\n\n\n\n<h3 class=\"wp-block-heading has-text-align-center fly-in fly-in-delay-1\">Meer, Strand, Berge<\/h3>\n\n\n\n<div class=\"wp-block-columns is-layout-flex wp-container-core-columns-is-layout-9d6595d7 wp-block-columns-is-layout-flex\">\n<div class=\"wp-block-column is-layout-flow wp-block-column-is-layout-flow\">\n<figure class=\"wp-block-image size-full fly-in fly-in-delay-1\"><a href=\"https:\/\/www.mtv-in.de\/fechten\/files\/2025\/07\/DSC_0006.jpg\"><img loading=\"lazy\" decoding=\"async\" width=\"857\" height=\"569\" src=\"https:\/\/www.mtv-in.de\/fechten\/files\/2025\/07\/DSC_0006.jpg\" alt=\"\" class=\"wp-image-1728\" style=\"aspect-ratio:4\/3;object-fit:cover\" srcset=\"https:\/\/www.mtv-in.de\/fechten\/files\/2025\/07\/DSC_0006.jpg 857w, https:\/\/www.mtv-in.de\/fechten\/files\/2025\/07\/DSC_0006-300x199.jpg 300w, https:\/\/www.mtv-in.de\/fechten\/files\/2025\/07\/DSC_0006-768x510.jpg 768w\" sizes=\"auto, (max-width: 857px) 100vw, 857px\" \/><\/a><\/figure>\n<\/div>\n\n\n\n<div class=\"wp-block-column is-layout-flow wp-block-column-is-layout-flow\">\n<figure class=\"wp-block-image size-full fly-in fly-in-delay-2\"><a href=\"https:\/\/www.mtv-in.de\/fechten\/files\/2025\/07\/20250613_090217.jpg\"><img loading=\"lazy\" decoding=\"async\" width=\"921\" height=\"691\" src=\"https:\/\/www.mtv-in.de\/fechten\/files\/2025\/07\/20250613_090217.jpg\" alt=\"\" class=\"wp-image-1729\" style=\"aspect-ratio:4\/3;object-fit:cover\" srcset=\"https:\/\/www.mtv-in.de\/fechten\/files\/2025\/07\/20250613_090217.jpg 921w, https:\/\/www.mtv-in.de\/fechten\/files\/2025\/07\/20250613_090217-300x225.jpg 300w, https:\/\/www.mtv-in.de\/fechten\/files\/2025\/07\/20250613_090217-768x576.jpg 768w\" sizes=\"auto, (max-width: 921px) 100vw, 921px\" \/><\/a><\/figure>\n<\/div>\n\n\n\n<div class=\"wp-block-column is-layout-flow wp-block-column-is-layout-flow\">\n<figure class=\"wp-block-image size-full fly-in fly-in-delay-3\"><a href=\"https:\/\/www.mtv-in.de\/fechten\/files\/2025\/07\/IMG_20250613_183357.jpg\"><img loading=\"lazy\" decoding=\"async\" width=\"928\" height=\"697\" src=\"https:\/\/www.mtv-in.de\/fechten\/files\/2025\/07\/IMG_20250613_183357.jpg\" alt=\"\" class=\"wp-image-1730\" style=\"aspect-ratio:4\/3;object-fit:cover\" srcset=\"https:\/\/www.mtv-in.de\/fechten\/files\/2025\/07\/IMG_20250613_183357.jpg 928w, https:\/\/www.mtv-in.de\/fechten\/files\/2025\/07\/IMG_20250613_183357-300x225.jpg 300w, https:\/\/www.mtv-in.de\/fechten\/files\/2025\/07\/IMG_20250613_183357-768x577.jpg 768w\" sizes=\"auto, (max-width: 928px) 100vw, 928px\" \/><\/a><\/figure>\n<\/div>\n<\/div>\n\n\n\n<h2 class=\"wp-block-heading has-text-align-center fly-in fly-in-delay-1\">Carrara, Marmor, Bergh\u00fctte CAI<\/h2>\n\n\n\n<div class=\"wp-block-columns is-layout-flex wp-container-core-columns-is-layout-9d6595d7 wp-block-columns-is-layout-flex\">\n<div class=\"wp-block-column is-layout-flow wp-block-column-is-layout-flow\">\n<figure class=\"wp-block-image size-full fly-in fly-in-delay-1\"><a href=\"https:\/\/www.mtv-in.de\/fechten\/files\/2025\/07\/IMG_20250613_115305-1.jpg\"><img loading=\"lazy\" decoding=\"async\" width=\"816\" height=\"611\" src=\"https:\/\/www.mtv-in.de\/fechten\/files\/2025\/07\/IMG_20250613_115305-1.jpg\" alt=\"\" class=\"wp-image-1748\" style=\"aspect-ratio:4\/3;object-fit:cover\" srcset=\"https:\/\/www.mtv-in.de\/fechten\/files\/2025\/07\/IMG_20250613_115305-1.jpg 816w, https:\/\/www.mtv-in.de\/fechten\/files\/2025\/07\/IMG_20250613_115305-1-300x225.jpg 300w, https:\/\/www.mtv-in.de\/fechten\/files\/2025\/07\/IMG_20250613_115305-1-768x575.jpg 768w\" sizes=\"auto, (max-width: 816px) 100vw, 816px\" \/><\/a><\/figure>\n<\/div>\n\n\n\n<div class=\"wp-block-column is-layout-flow wp-block-column-is-layout-flow\">\n<figure class=\"wp-block-image size-full fly-in fly-in-delay-2\"><a href=\"https:\/\/www.mtv-in.de\/fechten\/files\/2025\/07\/IMG_20250613_182529.jpg\"><img loading=\"lazy\" decoding=\"async\" width=\"800\" height=\"451\" src=\"https:\/\/www.mtv-in.de\/fechten\/files\/2025\/07\/IMG_20250613_182529.jpg\" alt=\"\" class=\"wp-image-1749\" style=\"aspect-ratio:4\/3;object-fit:cover\" srcset=\"https:\/\/www.mtv-in.de\/fechten\/files\/2025\/07\/IMG_20250613_182529.jpg 800w, https:\/\/www.mtv-in.de\/fechten\/files\/2025\/07\/IMG_20250613_182529-300x169.jpg 300w, https:\/\/www.mtv-in.de\/fechten\/files\/2025\/07\/IMG_20250613_182529-768x433.jpg 768w\" sizes=\"auto, (max-width: 800px) 100vw, 800px\" \/><\/a><\/figure>\n<\/div>\n\n\n\n<div class=\"wp-block-column is-layout-flow wp-block-column-is-layout-flow\">\n<figure class=\"wp-block-image size-full fly-in fly-in-delay-3\"><a href=\"https:\/\/www.mtv-in.de\/fechten\/files\/2025\/07\/IMG_20250613_210834.jpg\"><img loading=\"lazy\" decoding=\"async\" width=\"812\" height=\"609\" src=\"https:\/\/www.mtv-in.de\/fechten\/files\/2025\/07\/IMG_20250613_210834.jpg\" alt=\"\" class=\"wp-image-1750\" style=\"aspect-ratio:4\/3;object-fit:cover\" srcset=\"https:\/\/www.mtv-in.de\/fechten\/files\/2025\/07\/IMG_20250613_210834.jpg 812w, https:\/\/www.mtv-in.de\/fechten\/files\/2025\/07\/IMG_20250613_210834-300x225.jpg 300w, https:\/\/www.mtv-in.de\/fechten\/files\/2025\/07\/IMG_20250613_210834-768x576.jpg 768w\" sizes=\"auto, (max-width: 812px) 100vw, 812px\" \/><\/a><\/figure>\n<\/div>\n<\/div>\n\n\n\n<h2 class=\"wp-block-heading has-text-align-center fly-in fly-in-delay-1\">Weitere H\u00f6hepunkte<\/h2>\n\n\n\n<div class=\"wp-block-columns is-layout-flex wp-container-core-columns-is-layout-9d6595d7 wp-block-columns-is-layout-flex\">\n<div class=\"wp-block-column is-layout-flow wp-block-column-is-layout-flow\">\n<figure class=\"wp-block-image size-full fly-in fly-in-delay-1\"><a href=\"https:\/\/www.mtv-in.de\/fechten\/files\/2025\/07\/20250611_161007.png\"><img loading=\"lazy\" decoding=\"async\" width=\"345\" height=\"460\" src=\"https:\/\/www.mtv-in.de\/fechten\/files\/2025\/07\/20250611_161007.png\" alt=\"\" class=\"wp-image-1753\" style=\"aspect-ratio:4\/3;object-fit:cover\" srcset=\"https:\/\/www.mtv-in.de\/fechten\/files\/2025\/07\/20250611_161007.png 345w, https:\/\/www.mtv-in.de\/fechten\/files\/2025\/07\/20250611_161007-225x300.png 225w\" sizes=\"auto, (max-width: 345px) 100vw, 345px\" \/><\/a><\/figure>\n<\/div>\n\n\n\n<div class=\"wp-block-column is-layout-flow wp-block-column-is-layout-flow\">\n<figure class=\"wp-block-image size-full fly-in fly-in-delay-2\"><a href=\"https:\/\/www.mtv-in.de\/fechten\/files\/2025\/07\/IMG_20250611_162151.jpg\"><img loading=\"lazy\" decoding=\"async\" width=\"800\" height=\"451\" src=\"https:\/\/www.mtv-in.de\/fechten\/files\/2025\/07\/IMG_20250611_162151.jpg\" alt=\"\" class=\"wp-image-1754\" style=\"aspect-ratio:4\/3;object-fit:cover\" srcset=\"https:\/\/www.mtv-in.de\/fechten\/files\/2025\/07\/IMG_20250611_162151.jpg 800w, https:\/\/www.mtv-in.de\/fechten\/files\/2025\/07\/IMG_20250611_162151-300x169.jpg 300w, https:\/\/www.mtv-in.de\/fechten\/files\/2025\/07\/IMG_20250611_162151-768x433.jpg 768w\" sizes=\"auto, (max-width: 800px) 100vw, 800px\" \/><\/a><\/figure>\n<\/div>\n\n\n\n<div class=\"wp-block-column is-layout-flow wp-block-column-is-layout-flow\">\n<figure class=\"wp-block-image size-full fly-in fly-in-delay-3\"><a href=\"https:\/\/www.mtv-in.de\/fechten\/files\/2025\/07\/IMG_20250613_213832.jpg\"><img loading=\"lazy\" decoding=\"async\" width=\"812\" height=\"609\" src=\"https:\/\/www.mtv-in.de\/fechten\/files\/2025\/07\/IMG_20250613_213832.jpg\" alt=\"\" class=\"wp-image-1755\" style=\"aspect-ratio:4\/3;object-fit:cover\" srcset=\"https:\/\/www.mtv-in.de\/fechten\/files\/2025\/07\/IMG_20250613_213832.jpg 812w, https:\/\/www.mtv-in.de\/fechten\/files\/2025\/07\/IMG_20250613_213832-300x225.jpg 300w, https:\/\/www.mtv-in.de\/fechten\/files\/2025\/07\/IMG_20250613_213832-768x576.jpg 768w\" sizes=\"auto, (max-width: 812px) 100vw, 812px\" \/><\/a><\/figure>\n<\/div>\n<\/div>\n\n\n\n<div style=\"height:30px\" aria-hidden=\"true\" class=\"wp-block-spacer\"><\/div>\n\n\n\n<h2 class=\"wp-block-heading has-text-align-center fly-in fly-in-delay-1\">DANKE AN ALLE BETEILIGTEN<\/h2>\n\n\n<div class=\"wp-block-image fly-in fly-in-delay-1\">\n<figure class=\"aligncenter size-full\"><a href=\"https:\/\/www.mtv-in.de\/fechten\/files\/2025\/07\/IMG_20250613_210937_1.jpg\"><img loading=\"lazy\" decoding=\"async\" width=\"812\" height=\"609\" src=\"https:\/\/www.mtv-in.de\/fechten\/files\/2025\/07\/IMG_20250613_210937_1.jpg\" alt=\"\" class=\"wp-image-1727\" srcset=\"https:\/\/www.mtv-in.de\/fechten\/files\/2025\/07\/IMG_20250613_210937_1.jpg 812w, https:\/\/www.mtv-in.de\/fechten\/files\/2025\/07\/IMG_20250613_210937_1-300x225.jpg 300w, https:\/\/www.mtv-in.de\/fechten\/files\/2025\/07\/IMG_20250613_210937_1-768x576.jpg 768w\" sizes=\"auto, (max-width: 812px) 100vw, 812px\" \/><\/a><figcaption class=\"wp-element-caption\"><em>Stolze Trainer am Ende des Fechter Austausches, von links nach rechts: Anne Lea Engel (MTV), Stefan Koppenhofer (MTV), Isabella Panzera (CS Apuano), Florian Gottschall (TV), <\/em><em>Davide Lazzaroni (CS Apuano)<\/em><\/figcaption><\/figure>\n<\/div>\n\n\n<div style=\"height:50px\" aria-hidden=\"true\" class=\"wp-block-spacer\"><\/div>\n\n\n\n<p class=\"has-text-align-center fly-in fly-in-delay-1\">Ein gro\u00dfer Dank an Anne-Lea Engel f\u00fcr die Hauptorganisation, HAMMER !!!<\/p>\n\n\n\n<p><\/p>\n\n\n\n<p class=\"has-text-align-center fly-in fly-in-delay-1\">Weitere Austausche in den n\u00e4chsten Jahren sind angedacht.<br>Du willst n\u00e4chstes Mal dabei sein? Besuch unser Schnuppertraining.<\/p>\n\n\n\n<div style=\"height:50px\" aria-hidden=\"true\" class=\"wp-block-spacer\"><\/div>\n\n\n\n<div class=\"wp-block-buttons is-content-justification-center is-layout-flex wp-container-core-buttons-is-layout-16018d1d wp-block-buttons-is-layout-flex\">\n<div class=\"wp-block-button fly-in fly-in-delay-1\"><a class=\"wp-block-button__link has-white-color has-vivid-purple-background-color has-text-color has-background has-link-color wp-element-button\" href=\"https:\/\/www.mtv-in.de\/fechten\/training\/trainingsangebot\/\">Zu den Schnupperzeiten<\/a><\/div>\n<\/div>\n","protected":false},"excerpt":{"rendered":"<p>Fechten in Carrara 2025 In der ersten Pfingstferienwoche (8. bis 14. Juni 2025) haben 10 Fechter aus Ingolstadt in Begleitung von 3 Trainern, die Fechter der Partnerstadt Carrara (Club Scherma Apuano) besucht. Die Ingolst\u00e4dter Fechtabteilungen haben sich zusammengetan und sind mit den jeweiligen Vereinsbussen nach Italien gefahren. Dort wurde, trotz der sommerlichen Temperaturen, in der [&hellip;]<\/p>\n","protected":false},"author":1,"featured_media":0,"parent":782,"menu_order":5,"comment_status":"closed","ping_status":"closed","template":"","meta":{"footnotes":""},"class_list":["post-1722","page","type-page","status-publish","hentry"],"_links":{"self":[{"href":"https:\/\/www.mtv-in.de\/fechten\/wp-json\/wp\/v2\/pages\/1722","targetHints":{"allow":["GET"]}}],"collection":[{"href":"https:\/\/www.mtv-in.de\/fechten\/wp-json\/wp\/v2\/pages"}],"about":[{"href":"https:\/\/www.mtv-in.de\/fechten\/wp-json\/wp\/v2\/types\/page"}],"author":[{"embeddable":true,"href":"https:\/\/www.mtv-in.de\/fechten\/wp-json\/wp\/v2\/users\/1"}],"replies":[{"embeddable":true,"href":"https:\/\/www.mtv-in.de\/fechten\/wp-json\/wp\/v2\/comments?post=1722"}],"version-history":[{"count":24,"href":"https:\/\/www.mtv-in.de\/fechten\/wp-json\/wp\/v2\/pages\/1722\/revisions"}],"predecessor-version":[{"id":1941,"href":"https:\/\/www.mtv-in.de\/fechten\/wp-json\/wp\/v2\/pages\/1722\/revisions\/1941"}],"up":[{"embeddable":true,"href":"https:\/\/www.mtv-in.de\/fechten\/wp-json\/wp\/v2\/pages\/782"}],"wp:attachment":[{"href":"https:\/\/www.mtv-in.de\/fechten\/wp-json\/wp\/v2\/media?parent=1722"}],"curies":[{"name":"wp","href":"https:\/\/api.w.org\/{rel}","templated":true}]}}