{"id":814,"date":"2019-01-31T17:12:54","date_gmt":"2019-01-31T16:12:54","guid":{"rendered":"http:\/\/www.mtv-in.de\/fechten\/?page_id=814"},"modified":"2025-08-31T10:25:47","modified_gmt":"2025-08-31T08:25:47","slug":"fechtpanther","status":"publish","type":"page","link":"https:\/\/www.mtv-in.de\/fechten\/turniere\/fechtpanther\/","title":{"rendered":"Ingolst\u00e4dter Fechtpanther"},"content":{"rendered":"\n<h2 class=\"wp-block-heading has-text-align-center fly-in fly-in-delay-1 has-vivid-red-color has-text-color has-link-color wp-elements-6ced3a736f1eb940a4a4f8e3531a30d1\"><strong>N\u00e4chster Termin: 02. &amp; 03. Mai 202<\/strong>6,<\/h2>\n\n\n\n<p class=\"has-text-align-center fly-in fly-in-delay-1\">Von-der-Tann-Stra\u00dfe 1, 85049 Ingolstadt<\/p>\n\n\n\n<div class=\"wp-block-buttons is-content-justification-center is-layout-flex wp-container-core-buttons-is-layout-16018d1d wp-block-buttons-is-layout-flex\">\n<div class=\"wp-block-button has-custom-font-size fly-in fly-in-delay-1 has-medium-font-size\"><a class=\"wp-block-button__link has-white-color has-vivid-purple-background-color has-text-color has-background has-link-color wp-element-button\" href=\"https:\/\/fencing.ophardt.online\/de\/invitation\/view\/32982\/html\">Turnier-Ausschreibung<\/a><\/div>\n<\/div>\n\n\n\n<h2 class=\"wp-block-heading has-text-align-center fly-in fly-in-delay-1\"><a href=\"https:\/\/www.mtv-in.de\/fechten\/files\/2019\/01\/Unbenannt-1.pdf\"><img loading=\"lazy\" decoding=\"async\" width=\"500\" height=\"319\" class=\"wp-image-756 aligncenter\" src=\"https:\/\/www.mtv-in.de\/fechten\/files\/2019\/01\/ZkUQrIvQ.jpeg\" alt=\"\" srcset=\"https:\/\/www.mtv-in.de\/fechten\/files\/2019\/01\/ZkUQrIvQ.jpeg 1024w, https:\/\/www.mtv-in.de\/fechten\/files\/2019\/01\/ZkUQrIvQ-300x192.jpeg 300w, https:\/\/www.mtv-in.de\/fechten\/files\/2019\/01\/ZkUQrIvQ-768x491.jpeg 768w\" sizes=\"auto, (max-width: 500px) 100vw, 500px\" \/><\/a><\/h2>\n\n\n\n<div style=\"height:20px\" aria-hidden=\"true\" class=\"wp-block-spacer\"><\/div>\n\n\n\n<h1 class=\"wp-block-heading has-text-align-center fly-in fly-in-delay-1\">Allgemeines<\/h1>\n\n\n\n<p class=\"has-text-align-center fly-in fly-in-delay-2\">Der &#8222;Ingolst\u00e4dter Fechtpanther&#8220; ist ein Spa\u00dfturnier f\u00fcr Jung und Alt f\u00fcr Florett und Degen. Wir vom MTV Ingolstadt versuchen es j\u00e4hrlich gegen Mai zu veranstalten. Unser Turnier zeichnet sich durch den Marathon-Modus aus, einmal jeder gegen jeder in derselben Altersklasse. Dadurch eignet sich das Turnier besonders f\u00fcr Anf\u00e4nger, aber auch erfahrene Fechter kommen durch die vielen Gefechte ins Schwitzen.<\/p>\n\n\n\n<div style=\"height:40px\" aria-hidden=\"true\" class=\"wp-block-spacer\"><\/div>\n\n\n\n<h1 class=\"wp-block-heading has-text-align-center fly-in fly-in-delay-1\">R\u00fcckblick 2025<\/h1>\n\n\n\n<div class=\"wp-block-columns is-layout-flex wp-container-core-columns-is-layout-9d6595d7 wp-block-columns-is-layout-flex\">\n<div class=\"wp-block-column is-layout-flow wp-block-column-is-layout-flow\">\n<figure class=\"wp-block-image size-full fly-in fly-in-delay-1\"><a href=\"https:\/\/www.mtv-in.de\/fechten\/files\/2025\/07\/20250524_104105.jpg\"><img loading=\"lazy\" decoding=\"async\" width=\"800\" height=\"600\" src=\"https:\/\/www.mtv-in.de\/fechten\/files\/2025\/07\/20250524_104105.jpg\" alt=\"\" class=\"wp-image-1712\" style=\"aspect-ratio:4\/3;object-fit:cover\" srcset=\"https:\/\/www.mtv-in.de\/fechten\/files\/2025\/07\/20250524_104105.jpg 800w, https:\/\/www.mtv-in.de\/fechten\/files\/2025\/07\/20250524_104105-300x225.jpg 300w, https:\/\/www.mtv-in.de\/fechten\/files\/2025\/07\/20250524_104105-768x576.jpg 768w\" sizes=\"auto, (max-width: 800px) 100vw, 800px\" \/><\/a><\/figure>\n<\/div>\n\n\n\n<div class=\"wp-block-column is-layout-flow wp-block-column-is-layout-flow\">\n<figure class=\"wp-block-image size-full fly-in fly-in-delay-2\"><a href=\"https:\/\/www.mtv-in.de\/fechten\/files\/2025\/07\/IMG-20250524-WA0011.jpg\"><img loading=\"lazy\" decoding=\"async\" width=\"800\" height=\"480\" src=\"https:\/\/www.mtv-in.de\/fechten\/files\/2025\/07\/IMG-20250524-WA0011.jpg\" alt=\"\" class=\"wp-image-1713\" style=\"aspect-ratio:4\/3;object-fit:cover\" srcset=\"https:\/\/www.mtv-in.de\/fechten\/files\/2025\/07\/IMG-20250524-WA0011.jpg 800w, https:\/\/www.mtv-in.de\/fechten\/files\/2025\/07\/IMG-20250524-WA0011-300x180.jpg 300w, https:\/\/www.mtv-in.de\/fechten\/files\/2025\/07\/IMG-20250524-WA0011-768x461.jpg 768w\" sizes=\"auto, (max-width: 800px) 100vw, 800px\" \/><\/a><\/figure>\n<\/div>\n\n\n\n<div class=\"wp-block-column is-layout-flow wp-block-column-is-layout-flow\">\n<figure class=\"wp-block-image size-full fly-in fly-in-delay-3\"><a href=\"https:\/\/www.mtv-in.de\/fechten\/files\/2025\/07\/IMG-20250524-WA0017.jpg\"><img loading=\"lazy\" decoding=\"async\" width=\"800\" height=\"533\" src=\"https:\/\/www.mtv-in.de\/fechten\/files\/2025\/07\/IMG-20250524-WA0017.jpg\" alt=\"\" class=\"wp-image-1714\" style=\"aspect-ratio:4\/3;object-fit:cover\" srcset=\"https:\/\/www.mtv-in.de\/fechten\/files\/2025\/07\/IMG-20250524-WA0017.jpg 800w, https:\/\/www.mtv-in.de\/fechten\/files\/2025\/07\/IMG-20250524-WA0017-300x200.jpg 300w, https:\/\/www.mtv-in.de\/fechten\/files\/2025\/07\/IMG-20250524-WA0017-768x512.jpg 768w\" sizes=\"auto, (max-width: 800px) 100vw, 800px\" \/><\/a><\/figure>\n<\/div>\n<\/div>\n\n\n\n<div style=\"height:100px\" aria-hidden=\"true\" class=\"wp-block-spacer\"><\/div>\n\n\n\n<h1 class=\"wp-block-heading has-text-align-center fly-in fly-in-delay-1\">R\u00fcckblick 2024<\/h1>\n\n\n\n<p class=\"has-text-align-center fly-in fly-in-delay-2\">Am 04. und 05. Mai ging es hei\u00df her in unserer Halle. Das erste Mal, dass wir zwischenzeitlich 12 Bahnen im Einsatz hatten, WAHNSINN !!! Die Florettler hatten jeweils in der Jugend als auch bei den Erwachsenen einen knappen 20er Pool. Degen sogar 25 bzw bei den Senioren 40 Starter.<\/p>\n\n\n\n<div style=\"height:20px\" aria-hidden=\"true\" class=\"wp-block-spacer\"><\/div>\n\n\n\n<figure class=\"wp-block-gallery has-nested-images columns-3 is-cropped wp-block-gallery-1 is-layout-flex wp-block-gallery-is-layout-flex\">\n<figure class=\"wp-block-image size-large fly-in fly-in-delay-1\"><img loading=\"lazy\" decoding=\"async\" width=\"1024\" height=\"867\" data-id=\"1376\" src=\"https:\/\/www.mtv-in.de\/fechten\/files\/2024\/05\/DSC04576-1024x867.jpg\" alt=\"\" class=\"wp-image-1376\" srcset=\"https:\/\/www.mtv-in.de\/fechten\/files\/2024\/05\/DSC04576-1024x867.jpg 1024w, https:\/\/www.mtv-in.de\/fechten\/files\/2024\/05\/DSC04576-300x254.jpg 300w, https:\/\/www.mtv-in.de\/fechten\/files\/2024\/05\/DSC04576-768x650.jpg 768w, https:\/\/www.mtv-in.de\/fechten\/files\/2024\/05\/DSC04576-1536x1301.jpg 1536w, https:\/\/www.mtv-in.de\/fechten\/files\/2024\/05\/DSC04576-2048x1735.jpg 2048w\" sizes=\"auto, (max-width: 1024px) 100vw, 1024px\" \/><\/figure>\n\n\n\n<figure class=\"wp-block-image size-large fly-in fly-in-delay-2\"><img loading=\"lazy\" decoding=\"async\" width=\"1024\" height=\"693\" data-id=\"1377\" src=\"https:\/\/www.mtv-in.de\/fechten\/files\/2024\/05\/DSC04839-1024x693.jpg\" alt=\"\" class=\"wp-image-1377\" srcset=\"https:\/\/www.mtv-in.de\/fechten\/files\/2024\/05\/DSC04839-1024x693.jpg 1024w, https:\/\/www.mtv-in.de\/fechten\/files\/2024\/05\/DSC04839-300x203.jpg 300w, https:\/\/www.mtv-in.de\/fechten\/files\/2024\/05\/DSC04839-768x520.jpg 768w, https:\/\/www.mtv-in.de\/fechten\/files\/2024\/05\/DSC04839-1536x1040.jpg 1536w, https:\/\/www.mtv-in.de\/fechten\/files\/2024\/05\/DSC04839-2048x1387.jpg 2048w\" sizes=\"auto, (max-width: 1024px) 100vw, 1024px\" \/><\/figure>\n\n\n\n<figure class=\"wp-block-image size-large fly-in fly-in-delay-3\"><img loading=\"lazy\" decoding=\"async\" width=\"1024\" height=\"683\" data-id=\"1378\" src=\"https:\/\/www.mtv-in.de\/fechten\/files\/2024\/05\/DSC04894-1024x683.jpg\" alt=\"\" class=\"wp-image-1378\" srcset=\"https:\/\/www.mtv-in.de\/fechten\/files\/2024\/05\/DSC04894-1024x683.jpg 1024w, https:\/\/www.mtv-in.de\/fechten\/files\/2024\/05\/DSC04894-300x200.jpg 300w, https:\/\/www.mtv-in.de\/fechten\/files\/2024\/05\/DSC04894-768x512.jpg 768w, https:\/\/www.mtv-in.de\/fechten\/files\/2024\/05\/DSC04894-1536x1024.jpg 1536w, https:\/\/www.mtv-in.de\/fechten\/files\/2024\/05\/DSC04894-2048x1366.jpg 2048w\" sizes=\"auto, (max-width: 1024px) 100vw, 1024px\" \/><\/figure>\n\n\n\n<figure class=\"wp-block-image size-large fly-in fly-in-delay-1\"><img loading=\"lazy\" decoding=\"async\" width=\"1024\" height=\"683\" data-id=\"1379\" src=\"https:\/\/www.mtv-in.de\/fechten\/files\/2024\/05\/DSC06714-1024x683.jpg\" alt=\"\" class=\"wp-image-1379\" srcset=\"https:\/\/www.mtv-in.de\/fechten\/files\/2024\/05\/DSC06714-1024x683.jpg 1024w, https:\/\/www.mtv-in.de\/fechten\/files\/2024\/05\/DSC06714-300x200.jpg 300w, https:\/\/www.mtv-in.de\/fechten\/files\/2024\/05\/DSC06714-768x512.jpg 768w, https:\/\/www.mtv-in.de\/fechten\/files\/2024\/05\/DSC06714-1536x1024.jpg 1536w, https:\/\/www.mtv-in.de\/fechten\/files\/2024\/05\/DSC06714-2048x1366.jpg 2048w\" sizes=\"auto, (max-width: 1024px) 100vw, 1024px\" \/><\/figure>\n\n\n\n<figure class=\"wp-block-image size-large fly-in fly-in-delay-2\"><img loading=\"lazy\" decoding=\"async\" width=\"1024\" height=\"635\" data-id=\"1380\" src=\"https:\/\/www.mtv-in.de\/fechten\/files\/2024\/05\/DSC05406-1024x635.jpg\" alt=\"\" class=\"wp-image-1380\" srcset=\"https:\/\/www.mtv-in.de\/fechten\/files\/2024\/05\/DSC05406-1024x635.jpg 1024w, https:\/\/www.mtv-in.de\/fechten\/files\/2024\/05\/DSC05406-300x186.jpg 300w, https:\/\/www.mtv-in.de\/fechten\/files\/2024\/05\/DSC05406-768x476.jpg 768w, https:\/\/www.mtv-in.de\/fechten\/files\/2024\/05\/DSC05406-1536x953.jpg 1536w, https:\/\/www.mtv-in.de\/fechten\/files\/2024\/05\/DSC05406-2048x1270.jpg 2048w\" sizes=\"auto, (max-width: 1024px) 100vw, 1024px\" \/><\/figure>\n\n\n\n<figure class=\"wp-block-image size-large fly-in fly-in-delay-3\"><img loading=\"lazy\" decoding=\"async\" width=\"1024\" height=\"530\" data-id=\"1381\" src=\"https:\/\/www.mtv-in.de\/fechten\/files\/2024\/05\/DSC05937-1024x530.jpg\" alt=\"\" class=\"wp-image-1381\" srcset=\"https:\/\/www.mtv-in.de\/fechten\/files\/2024\/05\/DSC05937-1024x530.jpg 1024w, https:\/\/www.mtv-in.de\/fechten\/files\/2024\/05\/DSC05937-300x155.jpg 300w, https:\/\/www.mtv-in.de\/fechten\/files\/2024\/05\/DSC05937-768x398.jpg 768w, https:\/\/www.mtv-in.de\/fechten\/files\/2024\/05\/DSC05937-1536x795.jpg 1536w, https:\/\/www.mtv-in.de\/fechten\/files\/2024\/05\/DSC05937-2048x1060.jpg 2048w\" sizes=\"auto, (max-width: 1024px) 100vw, 1024px\" \/><\/figure>\n\n\n\n<figure class=\"wp-block-image size-large fly-in fly-in-delay-1\"><img loading=\"lazy\" decoding=\"async\" width=\"1024\" height=\"515\" data-id=\"1382\" src=\"https:\/\/www.mtv-in.de\/fechten\/files\/2024\/05\/DSC05054-1024x515.jpg\" alt=\"\" class=\"wp-image-1382\" srcset=\"https:\/\/www.mtv-in.de\/fechten\/files\/2024\/05\/DSC05054-1024x515.jpg 1024w, https:\/\/www.mtv-in.de\/fechten\/files\/2024\/05\/DSC05054-300x151.jpg 300w, https:\/\/www.mtv-in.de\/fechten\/files\/2024\/05\/DSC05054-768x386.jpg 768w, https:\/\/www.mtv-in.de\/fechten\/files\/2024\/05\/DSC05054-1536x772.jpg 1536w, https:\/\/www.mtv-in.de\/fechten\/files\/2024\/05\/DSC05054-2048x1030.jpg 2048w\" sizes=\"auto, (max-width: 1024px) 100vw, 1024px\" \/><\/figure>\n\n\n\n<figure class=\"wp-block-image size-large fly-in fly-in-delay-2\"><img loading=\"lazy\" decoding=\"async\" width=\"1024\" height=\"1012\" data-id=\"1383\" src=\"https:\/\/www.mtv-in.de\/fechten\/files\/2024\/05\/DSC06550-1024x1012.jpg\" alt=\"\" class=\"wp-image-1383\" srcset=\"https:\/\/www.mtv-in.de\/fechten\/files\/2024\/05\/DSC06550-1024x1012.jpg 1024w, https:\/\/www.mtv-in.de\/fechten\/files\/2024\/05\/DSC06550-300x297.jpg 300w, https:\/\/www.mtv-in.de\/fechten\/files\/2024\/05\/DSC06550-768x759.jpg 768w, https:\/\/www.mtv-in.de\/fechten\/files\/2024\/05\/DSC06550-1536x1518.jpg 1536w, https:\/\/www.mtv-in.de\/fechten\/files\/2024\/05\/DSC06550-2048x2024.jpg 2048w\" sizes=\"auto, (max-width: 1024px) 100vw, 1024px\" \/><\/figure>\n\n\n\n<figure class=\"wp-block-image size-large fly-in fly-in-delay-3\"><img loading=\"lazy\" decoding=\"async\" width=\"1024\" height=\"559\" data-id=\"1384\" src=\"https:\/\/www.mtv-in.de\/fechten\/files\/2024\/05\/DSC06892-1024x559.jpg\" alt=\"\" class=\"wp-image-1384\" srcset=\"https:\/\/www.mtv-in.de\/fechten\/files\/2024\/05\/DSC06892-1024x559.jpg 1024w, https:\/\/www.mtv-in.de\/fechten\/files\/2024\/05\/DSC06892-300x164.jpg 300w, https:\/\/www.mtv-in.de\/fechten\/files\/2024\/05\/DSC06892-768x419.jpg 768w, https:\/\/www.mtv-in.de\/fechten\/files\/2024\/05\/DSC06892-1536x839.jpg 1536w, https:\/\/www.mtv-in.de\/fechten\/files\/2024\/05\/DSC06892-2048x1119.jpg 2048w\" sizes=\"auto, (max-width: 1024px) 100vw, 1024px\" \/><\/figure>\n<\/figure>\n\n\n\n<div style=\"height:40px\" aria-hidden=\"true\" class=\"wp-block-spacer\"><\/div>\n\n\n\n<h1 class=\"wp-block-heading has-text-align-center fly-in fly-in-delay-1\">Weitere Bilder vom Ingolst\u00e4dter Fechtpanther<\/h1>\n\n\n\n<p class=\"fly-in fly-in-delay-1\">Danke an unseren Fotografen Arno Steinbinder und Marek Kowalski <span style=\"color: #1c1e21; font-size: small; font-weight: revert;\">(<\/span><a style=\"font-size: small; font-weight: revert;\" href=\"https:\/\/kbumm.de\/\">KBUMM<\/a><span style=\"color: #1c1e21; font-size: small; font-weight: revert;\">) <\/span>f\u00fcr viele tolle Fotos<\/p>\n\n\n\n<div class=\"wp-block-columns is-layout-flex wp-container-core-columns-is-layout-9d6595d7 wp-block-columns-is-layout-flex\">\n<div class=\"wp-block-column is-layout-flow wp-block-column-is-layout-flow\">\n<div class=\"wp-block-buttons is-content-justification-center is-layout-flex wp-container-core-buttons-is-layout-16018d1d wp-block-buttons-is-layout-flex\">\n<div class=\"wp-block-button fly-in fly-in-delay-1\"><a class=\"wp-block-button__link has-white-color has-vivid-purple-background-color has-text-color has-background has-link-color wp-element-button\" href=\"https:\/\/drive.google.com\/drive\/folders\/1pcZ4h6CWklPxh03DzGXNiYDOlowBorFS?usp=sharing\">Google Drive<\/a><\/div>\n<\/div>\n<\/div>\n\n\n\n<div class=\"wp-block-column is-layout-flow wp-block-column-is-layout-flow\">\n<div class=\"wp-block-buttons is-content-justification-center is-layout-flex wp-container-core-buttons-is-layout-16018d1d wp-block-buttons-is-layout-flex\">\n<div class=\"wp-block-button fly-in fly-in-delay-2\"><a class=\"wp-block-button__link has-white-color has-vivid-purple-background-color has-text-color has-background has-link-color wp-element-button\" href=\"https:\/\/www.kbumm.de\/bilder?id=14096\">KBUMM<\/a><\/div>\n<\/div>\n<\/div>\n\n\n\n<div class=\"wp-block-column is-layout-flow wp-block-column-is-layout-flow\">\n<div class=\"wp-block-buttons is-content-justification-center is-layout-flex wp-container-core-buttons-is-layout-16018d1d wp-block-buttons-is-layout-flex\">\n<div class=\"wp-block-button fly-in fly-in-delay-3\"><a class=\"wp-block-button__link wp-element-button\" href=\"https:\/\/drive.google.com\/drive\/folders\/1pcZ4h6CWklPxh03DzGXNiYDOlowBorFS?usp=sharing\">Ergebnisse<\/a><\/div>\n<\/div>\n<\/div>\n<\/div>\n\n\n\n<p class=\"fly-in fly-in-delay-3\">Auf KBUMM gibts Fotos von <a href=\"https:\/\/www.kbumm.de\/bilder?id=12086\">2018<\/a>, <a href=\"https:\/\/www.kbumm.de\/bilder?id=12551\">2019,<\/a> <a href=\"https:\/\/kbumm.de\/bilder?id=13418\">2022<\/a> und <a href=\"https:\/\/www.kbumm.de\/bilder?id=14096\">2024<\/a>.<\/p>\n\n\n\n<p><\/p>\n","protected":false},"excerpt":{"rendered":"<p>N\u00e4chster Termin: 02. &amp; 03. Mai 2026, Von-der-Tann-Stra\u00dfe 1, 85049 Ingolstadt Allgemeines Der &#8222;Ingolst\u00e4dter Fechtpanther&#8220; ist ein Spa\u00dfturnier f\u00fcr Jung und Alt f\u00fcr Florett und Degen. Wir vom MTV Ingolstadt versuchen es j\u00e4hrlich gegen Mai zu veranstalten. Unser Turnier zeichnet sich durch den Marathon-Modus aus, einmal jeder gegen jeder in derselben Altersklasse. Dadurch eignet sich [&hellip;]<\/p>\n","protected":false},"author":305,"featured_media":0,"parent":1524,"menu_order":0,"comment_status":"closed","ping_status":"closed","template":"","meta":{"footnotes":""},"class_list":["post-814","page","type-page","status-publish","hentry"],"_links":{"self":[{"href":"https:\/\/www.mtv-in.de\/fechten\/wp-json\/wp\/v2\/pages\/814","targetHints":{"allow":["GET"]}}],"collection":[{"href":"https:\/\/www.mtv-in.de\/fechten\/wp-json\/wp\/v2\/pages"}],"about":[{"href":"https:\/\/www.mtv-in.de\/fechten\/wp-json\/wp\/v2\/types\/page"}],"author":[{"embeddable":true,"href":"https:\/\/www.mtv-in.de\/fechten\/wp-json\/wp\/v2\/users\/305"}],"replies":[{"embeddable":true,"href":"https:\/\/www.mtv-in.de\/fechten\/wp-json\/wp\/v2\/comments?post=814"}],"version-history":[{"count":27,"href":"https:\/\/www.mtv-in.de\/fechten\/wp-json\/wp\/v2\/pages\/814\/revisions"}],"predecessor-version":[{"id":1934,"href":"https:\/\/www.mtv-in.de\/fechten\/wp-json\/wp\/v2\/pages\/814\/revisions\/1934"}],"up":[{"embeddable":true,"href":"https:\/\/www.mtv-in.de\/fechten\/wp-json\/wp\/v2\/pages\/1524"}],"wp:attachment":[{"href":"https:\/\/www.mtv-in.de\/fechten\/wp-json\/wp\/v2\/media?parent=814"}],"curies":[{"name":"wp","href":"https:\/\/api.w.org\/{rel}","templated":true}]}}