{"id":501,"date":"2015-08-05T14:24:51","date_gmt":"2015-08-05T14:24:51","guid":{"rendered":"http:\/\/www.mtv-in.de\/karate\/?page_id=501"},"modified":"2026-03-16T16:31:43","modified_gmt":"2026-03-16T15:31:43","slug":"aktuelle-meldungen-0","status":"publish","type":"page","link":"https:\/\/www.mtv-in.de\/karate\/aktuelle-meldungen-0\/","title":{"rendered":"Aktuelle Meldungen"},"content":{"rendered":"<p><strong>(16.03.2026)<\/strong><\/p>\n<p><strong>\u00c4nderung Trainingsplan<\/strong><\/p>\n<p>Die Trainingszeiten und -orte f\u00fcr Karate und Tai Chi haben sich ge\u00e4ndert:<\/p>\n<p>Dienstag  19:30 &#8211; 20:30 Uhr<br \/>\nTai Chi Anf\u00e4nger &amp; Fortgeschrittene<br \/>\nMTV Bezirkssportanlage Mitte Gymnastihalle<\/p>\n<p>Dienstag  20:30 &#8211; 21:30 Uhr<br \/>\nTai Chi Fortgeschrittene<br \/>\nMTV Bezirkssportanlage Mitte Gymnastihalle<\/p>\n<p>Freitag  19:00 &#8211; 20:30 Uhr<br \/>\nKarate Jugend &amp; Erwachsene<br \/>\nMTV Judohalle Zweibr\u00fccken<\/p>\n<p>============================================================================<\/p>\n<p><strong>(30.10.2025)<\/strong><\/p>\n<p><strong>Wechsel Trainingsort<\/strong><\/p>\n<p>Wegen Hallensperre der <strong>Schulturnhalle Oberhaunstadt<\/strong> wurden die Trainingsorte  auf eine andere Halle verlegt und die Anfangszeiten etwas ge\u00e4ndert:<\/p>\n<p>Dienstag 19:30 &#8211; 20:30 Uhr  Tai Chi  MTV Bezirkssportanlage Mitte Gymnastihalle<br \/>\nDienstag 20:30 &#8211; 21:30 Uhr  Karate Erwachsene MTV Bezirkssportanlage Mitte Gymnastihalle<br \/>\nFreitag 19:00 &#8211; 20:30 Uhr  Tai CHi Fortgeschrittene MTV Judohalle Zweibr\u00fccken<\/p>\n<p>============================================================================<\/p>\n<p><strong>(21.05.2024)<\/strong><\/p>\n<p><strong>Wechsel Trainingsort Karate<\/strong><\/p>\n<p>Ab Juni 2024 findet das Karate-Training am Donnerstag nicht mehr in der alten Halle des Christoph-Scheiner-Gymnasiums statt, sondern in der <strong>Schulturnhalle Oberhaunstadt : Zeit 17:00 &#8211; 18:30 Uhr<\/strong><\/p>\n<p>============================================================================<br \/>\n<strong>(27.03.2023)<\/strong><\/p>\n<p><strong>Neue Kobudo-Graduierungen<\/strong><\/p>\n<p>In Stra\u00dfburg\/Frankreich wurden wieder die allj\u00e4hrlichen Schwarzgurt-Pr\u00fcfungen des internationalen Kampfkunstverbandes CRB unter der Leitung von Soke Roland Habersetzer (9. Dan) durchgef\u00fchrt. Die Pr\u00fcfungen umfassten die Disziplinen Tengu Ryu Karate und Tengu Ryu Kobudo. Das international besetzte Pr\u00fcfungskomitee bestand aus Gro\u00dfmeister Habersetzer pers\u00f6nlich, sowie weiteren Pr\u00fcfern aus Frankreich, Belgien und Deutschland, darunter auch MTV-Cheftrainer Siegfried H\u00fcbner.<\/p>\n<p>Claus Krause absolvierte hier seine Schwarzgurt-Pr\u00fcfung zum 3. Dan in der asiatischen Waffenkunst Kobudo. Er zeigte dabei mit den Waffen Bo, Sai und Tonfa eine hervorragenden Leistung und wurde von Soke Roland Habersetzer bei der \u00dcbergabe der Pr\u00fcfungsurkunde noch ausdr\u00fccklich gelobt.<\/p>\n<p>Siegfried H\u00fcbner erhielt an diesem Tag von Soke Habersetzer den 7. Dan im Tengu Ryu Kobudo verliehen.<\/p>\n<p>Ein sch\u00f6ner Erfolg f\u00fcr die Abteilung Karate, Kobudo &amp; Tai Chi des MTV 1881 Ingolstadt!<\/p>\n<p>============================================================================<\/p>\n<p><strong>(29.11.2020)<\/strong><\/p>\n<p><strong>Trainingspause<\/strong><\/p>\n<p>Auf Grund der Corona bedingten Hallensperren findet im Dezember 2020 leider kein Training mehr statt.<br \/>\nDas erste regul\u00e4re Training wird dann (hoffentlich) ab Januar 2021 wieder m\u00f6glich sein.<\/p>\n<p>============================================================================<br \/>\n<strong>(18.12.2019)<\/strong><\/p>\n<p><strong>Winterferien<\/strong><\/p>\n<p>W\u00e4hrend der Schulferien vom 23. Dezember 2019 bis einschlie\u00dflich 06. Januar 2020 findet kein Training statt.<br \/>\nDas erste regul\u00e4re Training nach der Pause ist in Oberhaunstadt am Dienstag, 07. Januar 2020.<\/p>\n<p>============================================================================<br \/>\n<strong>(16.07.2019)<\/strong><\/p>\n<p><strong>Sommerpause<\/strong><br \/>\nW\u00e4hrend der gro\u00dfen Sommer-Schulferien von 29. Juli bis 09. September 2019 findet kein regul\u00e4rer Trainingsbetrieb statt !<\/p>\n<p><strong>Neuer Trainingsort<br \/>\n<\/strong>Ab dem 16. September 2019 wird das Training am Montag in eine andere Halle verlegt:<\/p>\n<p><strong>MTV Bezirkssportanlage Mitte (Von-der-Tann-Stra\u00dfe)<br \/>\n18:00 &#8211; 19:15 Uhr Karate Kinder<br \/>\n19:15 &#8211; 21:30 Uhr Kobudo<\/strong><\/p>\n<p>============================================================================<br \/>\n<strong>(01.04.2019)<\/strong><\/p>\n<p><strong>Schwarzgurtpr\u00fcfung in Frankreich<\/strong><\/p>\n<p>Am 30. M\u00e4rz 2019 wurden in Stra\u00dfburg \/ Frankreich wieder die allj\u00e4hrlichen Schwarzgurt-Pr\u00fcfungen des internationalen Karateverbandes CRB unter der Leitung von Soke Roland Habersetzer (9. Dan) durchgef\u00fchrt.<\/p>\n<p>Einer der Pr\u00fcflinge war MTV\u00b4ler Claus Krause, der ein ganzes Jahr lang von MTV Trainer Siegfried H\u00fcbner auf diese schwierige Aufgabe vorbereitet wurde. Claus bestand mit einer sehr guten Leistung die Pr\u00fcfung zum 2. Dan Tengu Ryu Kobudo und erhielt damit den Titel Shoshi verliehen.<\/p>\n<p>Das international besetzte Pr\u00fcfungskomitee bestand aus Gro\u00dfmeister Habersetzer pers\u00f6nlich, sowie weiteren Pr\u00fcfern aus Frankreich, Belgien und Deutschland.<\/p>\n<table>\n<tbody>\n<tr>\n<td><a href=\"https:\/\/www.mtv-in.de\/karate\/files\/2019\/04\/Pr\u00fcfung-Krause-2019-03-30.jpg\"><img loading=\"lazy\" decoding=\"async\" class=\"alignleft size-medium wp-image-1253\" src=\"https:\/\/www.mtv-in.de\/karate\/files\/2019\/04\/Pr\u00fcfung-Krause-2019-03-30-246x300.jpg\" alt=\"\" width=\"246\" height=\"300\" srcset=\"https:\/\/www.mtv-in.de\/karate\/files\/2019\/04\/Pr\u00fcfung-Krause-2019-03-30-246x300.jpg 246w, https:\/\/www.mtv-in.de\/karate\/files\/2019\/04\/Pr\u00fcfung-Krause-2019-03-30-768x938.jpg 768w, https:\/\/www.mtv-in.de\/karate\/files\/2019\/04\/Pr\u00fcfung-Krause-2019-03-30-839x1024.jpg 839w, https:\/\/www.mtv-in.de\/karate\/files\/2019\/04\/Pr\u00fcfung-Krause-2019-03-30.jpg 1689w\" sizes=\"auto, (max-width: 246px) 100vw, 246px\" \/><\/a><\/td>\n<\/tr>\n<tr>\n<td>Im Bild von links nach rechts : Claus Krause, Soke Roland Habersetzer (Leiter Pr\u00fcfungskomitee) und Siegfried H\u00fcbner (Trainer und Pr\u00fcfer)<\/td>\n<\/tr>\n<\/tbody>\n<\/table>\n<p>============================================================================<br \/>\n<strong>(09.09.2018)<\/strong><\/p>\n<p><strong>Ende Sommer-Trainingsplan<\/strong><\/p>\n<p>Ab Dienstag, 11. September 2018 gilt wieder der regul\u00e4re Trainingsplan in den Hallen des Chistoph-Scheiner Gymnasium und der Grundschule Oberhaunstadt.<\/p>\n<p>============================================================================<\/p>\n<p><strong>(28.07.2018)<\/strong><\/p>\n<p><strong>Sommer-Trainingsplan<\/strong><\/p>\n<p>W\u00e4hrend der Schul-Sommerferien von 30. Juli bis einschlie\u00dflich 10. September 2018 sind die Hallen Christoph-Scheiner Gymnasium und Grundschule Oberhaunstadt gesperrt.<br \/>\nDas letzte regul\u00e4re Training in Oberhaunstadt ist am Freitag, 27. Juli.<\/p>\n<p>W\u00e4hrend der Schulferien gilt der folgende Sommer-Trainingsplan :<\/p>\n<p><strong>Tai Chi<\/strong><br \/>\nJeweils Dienstag von 18:30 &#8211; 19:30 Uhr<\/p>\n<ul>\n<li>07. August<\/li>\n<li>14. August<\/li>\n<li>21. August<\/li>\n<li>28. August<\/li>\n<\/ul>\n<p>Klenzepark am Eingang des Turm Triva (Westseite) &#8211; gegen\u00fcber Biergarten Restaurant KiK<br \/>\n<a href=\"https:\/\/www.google.de\/maps\/place\/48%C2%B045%2744.0%22N+11%C2%B026%2704.2%22E\/@48.7622383,11.4336742,18z\/data=%213m1%214b1%214m5%213m4%211s0x0:0x0%218m2%213d48.762237%214d11.434494?hl=de\">[+ Lageplan auf Google Maps +]<\/a><\/p>\n<p><strong>Karate \/ Kobudo<\/strong><br \/>\nJeweils Donnerstag von 17:30 &#8211; 19:00 Uhr<\/p>\n<ul>\n<li>16. August<\/li>\n<li>23. August<\/li>\n<li>30. August<\/li>\n<\/ul>\n<p>Kleine Gymnastikhalle der MTV-Bezirkssportanlage Mitte (Von-der-Tann-Stra\u00dfe)<br \/>\n<a href=\"http:\/\/maps.google.de\/maps?q=Von-der-Tann-Stra%C3%9Fe,+Ingolstadt&amp;hl=de&amp;ie=UTF8&amp;ll=48.766288,11.415396&amp;spn=0.010608,0.02753&amp;sll=48.759552,11.425657&amp;sspn=0.042436,0.110121&amp;oq=von-der-tann++Ingolstadt&amp;hnear=Von-der-Tann-Stra%C3%9Fe,+85049+Ingolstadt,+Oberbayern,+Bayern&amp;t=m&amp;z=16\" target=\"_blank\" rel=\"noopener noreferrer\">[+ Lageplan auf Google Maps +]<\/a><\/p>\n<p>Das erste regul\u00e4re Training beginnt wieder am Dienstag, 11. September 2018.<\/p>\n<p>============================================================================<br \/>\n<strong>(01.04.2018)<\/strong><\/p>\n<p><strong>Schwarzgurtpr\u00fcfung in Frankreich<\/strong><\/p>\n<p>Am 24. M\u00e4rz 2018 wurden in Stra\u00dfburg \/ Frankreich wieder die allj\u00e4hrlichen Schwarzgurt-Pr\u00fcfungen des internationalen Karateverbandes CRB unter der Leitung von Soke Roland Habersetzer (9. Dan) durchgef\u00fchrt.<\/p>\n<p>Dort absolvierten zwei Karateka des MTV 1881 Ingolstadt ihre Pr\u00fcfung zum n\u00e4chsten G\u00fcrtelgrad.<br \/>\nMit der jeweils besten Leistung in Ihrer Graduierungsgruppe erhielt Claus Krause den 2. Dan und Richard Grad den 4. Dan im Tengu Ryu Karate.<\/p>\n<p>Das international besetzte Pr\u00fcfungskomitee bestand aus Gro\u00dfmeister Habersetzer pers\u00f6nlich sowie weiteren Pr\u00fcfern aus Frankreich, Belgien, Deutschland und der Schweiz.<\/p>\n<p>In der Disziplin Tengu Ryu Kobudo erhielt Siegfried H\u00fcbner den 6. Dan (Rot-Wei\u00df-Gurt) von Soke Roland Habersetzer pers\u00f6nlich verliehen.<\/p>\n<p><strong><a href=\"https:\/\/www.mtv-in.de\/karate\/files\/2018\/04\/Ein-eindrucksvolles-Wochenende-in-Frankreich.pdf\">&gt;&gt;&gt; Weiterer Bericht zu diesem Ereignis von Herbert Keller<\/a><\/strong><\/p>\n<p><a href=\"https:\/\/www.mtv-in.de\/karate\/files\/2018\/04\/CRB-Dan-Pr\u00fcfung_1.jpg\"><img loading=\"lazy\" decoding=\"async\" class=\"alignleft size-medium wp-image-1203\" src=\"https:\/\/www.mtv-in.de\/karate\/files\/2018\/04\/CRB-Dan-Pr\u00fcfung_1-298x300.jpg\" alt=\"\" width=\"298\" height=\"300\" srcset=\"https:\/\/www.mtv-in.de\/karate\/files\/2018\/04\/CRB-Dan-Pr\u00fcfung_1-298x300.jpg 298w, https:\/\/www.mtv-in.de\/karate\/files\/2018\/04\/CRB-Dan-Pr\u00fcfung_1-150x150.jpg 150w, https:\/\/www.mtv-in.de\/karate\/files\/2018\/04\/CRB-Dan-Pr\u00fcfung_1-768x773.jpg 768w, https:\/\/www.mtv-in.de\/karate\/files\/2018\/04\/CRB-Dan-Pr\u00fcfung_1-1018x1024.jpg 1018w, https:\/\/www.mtv-in.de\/karate\/files\/2018\/04\/CRB-Dan-Pr\u00fcfung_1.jpg 1330w\" sizes=\"auto, (max-width: 298px) 100vw, 298px\" \/><\/a><a href=\"https:\/\/www.mtv-in.de\/karate\/files\/2018\/04\/CRB-Dan-Pr\u00fcfung_2.jpg\"><img loading=\"lazy\" decoding=\"async\" class=\"alignleft size-medium wp-image-1202\" src=\"https:\/\/www.mtv-in.de\/karate\/files\/2018\/04\/CRB-Dan-Pr\u00fcfung_2-195x300.jpg\" alt=\"\" width=\"195\" height=\"300\" srcset=\"https:\/\/www.mtv-in.de\/karate\/files\/2018\/04\/CRB-Dan-Pr\u00fcfung_2-195x300.jpg 195w, https:\/\/www.mtv-in.de\/karate\/files\/2018\/04\/CRB-Dan-Pr\u00fcfung_2-768x1179.jpg 768w, https:\/\/www.mtv-in.de\/karate\/files\/2018\/04\/CRB-Dan-Pr\u00fcfung_2-667x1024.jpg 667w, https:\/\/www.mtv-in.de\/karate\/files\/2018\/04\/CRB-Dan-Pr\u00fcfung_2.jpg 1637w\" sizes=\"auto, (max-width: 195px) 100vw, 195px\" \/><\/a><\/p>\n<p>============================================================================<\/p>\n<p><strong>(18.12.2017)<\/strong><\/p>\n<p><strong>Weihnachtsferien<\/strong><\/p>\n<p>W\u00e4hrend der Schul-Winterferien von 23. Dezember 2017 bis einschlie\u00dflich 07. Januar 2018 sind die Hallen Chistoph-Scheiner Gymnasium und Grundschule Oberhaunstadt gesperrt.<br \/>\nDas letzte regul\u00e4re Training in Oberhaunstadt ist somit am Freitag, 22. Dezember.<br \/>\nDas erste regul\u00e4re Training beginnt wieder am Montag, 08. Januar 2018.<\/p>\n<p>============================================================================<\/p>\n<p><strong>(12.09.2017)<\/strong><\/p>\n<p><strong>Ende Sommer-Trainingsplan<\/strong><\/p>\n<p>Ab Dienstag, 12. September 2017 gilt wieder der regul\u00e4re Trainingsplan in den Hallen des Chistoph-Scheiner Gymnasium und der Grundschule Oberhaunstadt.<\/p>\n<p>============================================================================<\/p>\n<p><strong>(01.08.2017)<\/strong><\/p>\n<p><strong>Sommer-Trainingsplan<\/strong><\/p>\n<p>W\u00e4hrend der Schul-Sommerferien von 29. Juli bis einschlie\u00dflich 11. September 2017 sind die Hallen Chistoph-Scheiner Gymnasium und Grundschule Oberhaunstadt gesperrt.<br \/>\nDas letzte regul\u00e4re Training in Oberhaunstadt ist am Freitag, 29. Juli.<\/p>\n<p>W\u00e4hrend der Schulferien gilt der folgende Sommer-Trainingsplan :<\/p>\n<p>jeweils Montags<\/p>\n<ul>\n<li>18:30 \u2013 20:00 Uhr Tai Chi<\/li>\n<li>20:00 \u2013 21:30 Uhr Karate \/ Kobudo<\/li>\n<\/ul>\n<p>Kleine Gymnastikhalle der MTV-Bezirkssportanlage Mitte (Von-der-Tann-Stra\u00dfe)<br \/>\n<a href=\"http:\/\/maps.google.de\/maps?q=Von-der-Tann-Stra%C3%9Fe,+Ingolstadt&amp;hl=de&amp;ie=UTF8&amp;ll=48.766288,11.415396&amp;spn=0.010608,0.02753&amp;sll=48.759552,11.425657&amp;sspn=0.042436,0.110121&amp;oq=von-der-tann++Ingolstadt&amp;hnear=Von-der-Tann-Stra%C3%9Fe,+85049+Ingolstadt,+Oberbayern,+Bayern&amp;t=m&amp;z=16\" target=\"_blank\" rel=\"noopener noreferrer\">[+ Lageplan auf Google Maps +]<\/a><\/p>\n<p>Das erste regul\u00e4re Training beginnt wieder am Dienstag, 12. September 2017.<br \/>\n============================================================================<\/p>\n<p><strong>(28.07.2017)<\/strong><\/p>\n<p><strong>Jubil\u00e4um &#8211; 50 Jahre Karate<\/strong><\/p>\n<p>Die Karate-Abteilung des MTV 1881 Ingolstadt feiert in diesem Jahr ihr 50-j\u00e4hriges Jubil\u00e4um!<br \/>\nSie wurde im Jahr 1967 gegr\u00fcndet und ist damit die \u00e4lteste in der Region Ingolstadt.<\/p>\n<p>Begonnen hatte alles in der Judoabteilung des MTV, die bereits seit 1963 Jahren ihren festen Platz im MTV hatte. Dort gab es einige Sportler, die neben ihrer &#8222;Hauptbesch\u00e4ftigung Judo&#8220; auch noch an einer anderen Disziplinen Interesse fanden &#8211; Karate.<\/p>\n<p>Diese asiatische Kampfkunst war damals in der \u00d6ffentlichkeit kaum bekannt, wurde sie doch erst 1957 von J\u00fcrgen Seydel in Deutschland einge\u00acf\u00fchrt. Dies \u00e4nder\u00acte sich in unserer Region erst, als 1967 mit Arthur Hisatake ein japanischer Karatemeister nach M\u00fcnchen kam. So waren unter den Sch\u00fclern Hisatakes auch einige MTV-Judoka zu finden, die unter der Leitung von Hubert Abel neben ihrem Judo auch noch Karate zu erlernen versuchten.<\/p>\n<p>Kurze Zeit sp\u00e4ter zog Gerhard Keller, ein Braungurt aus der Schule Hisatakes nach Ingolstadt und wurde Mitglied beim MTV. Er \u00fcbernahm auch das Training in der Karate-Abteilung die bereits 1967 als selbstst\u00e4ndige Ab\u00acteilung im Verein gegr\u00fcndet wurde.<\/p>\n<p>In den folgenden 40 Jahre gab es danach immer wieder diverse Wechsel in der Abteilung. So waren als Trainer u.a. im Einsatz : Karl-Heinz Vogt, Miron Prochazka, Geza Abraham, Abdul Y\u00fccet\u00fcrk, Peter Soutschka, Richard Bachuber, Siegfried H\u00fcbner, Dieter Kern, Erich Berle, Hans-Peter Staudt und Fritz Oblinger.<\/p>\n<p>Die Abteilung konnte \u00fcber viele Jahre sportliche Wettkampf-Erfolge erzielen. Darunter waren mehrere erste Pl\u00e4tze in Mannschafts- und Einzeldisziplinen auf Bayerischen Meisterschaften sowie weitere Medaillenplatzierungen auf Deutscher Ebene.<\/p>\n<p>Seit 2005 ist Siegfried H\u00fcbner als Abteilungsleiter t\u00e4tig und bildet zusammen mit Richard Grad und Claus Krause den derzeitigen Trainerstab. H\u00fcbner betreibt schon seit 1974 Karate im MTV und ist damit heute der &#8222;dienst\u00e4lteste&#8220; Karateka im Verein.<\/p>\n<p>Die Abteilung hat neben der Haupt-Disziplin Karate noch weitere Bet\u00e4tigungsfelder.<\/p>\n<p>1984 wurde innerhalb der Abteilung eine Gruppe gegr\u00fcndet, die Okinawa Kobudo (asiatischer Waffenkampf) betreibt &#8211; auch dies wieder als erste in der Region Ingolstadt.<\/p>\n<p>Seit 2009 auch wird Tai Chi und Qigong aus der chinesischen Kampf- und Gesundheitslehre ge\u00fcbt. Seitdem ist der MTV Ingolstadt zentraler Ausrichter der Tai Chi Trainerausbildung im Bayerischen Karatebund.<\/p>\n<p>Tai Chi ist auch das Thema des Jubil\u00e4ums-Lehrganges, den die Abteilung am Samstag, 29. Juli 2017 von 10:00 \u2013 15:00 Uhr in der Schulturnhalle Oberhaunstadt am Stegwiesenweg veranstaltet.<br \/>\n<a href=\"https:\/\/www.mtv-in.de\/karate\/files\/2017\/07\/Tai-Chi_Ingolstadt_2017-07-29.pdf\" target=\"_blank\" rel=\"noopener noreferrer\"> <strong>[+ Handzettel zum Download +]<\/strong><\/a><\/p>\n<p>Hier k\u00f6nnen auch Anf\u00e4nger und Interessierte f\u00fcr ein paar Stunden in die Welt des Tai Chi und Qigong eintauchen und mit gesundheitlich orientierten \u00dcbungen Gutes f\u00fcr K\u00f6rper und Geist bewirken.<br \/>\nWir werden neben allgemeinen Atem-, Entspannungs- und Wahrnehmungs\u00fcbungen aus dem Qigong einige Bilder aus der 108er-Form Langform \u00fcben.<\/p>\n<p><a href=\"https:\/\/www.mtv-in.de\/karate\/files\/2017\/07\/Tai-Chi_mit_Hilmar_in_CC.jpg\"><img loading=\"lazy\" decoding=\"async\" class=\"alignleft size-full wp-image-1065\" src=\"https:\/\/www.mtv-in.de\/karate\/files\/2017\/07\/Tai-Chi_mit_Hilmar_in_CC.jpg\" alt=\"\" width=\"650\" height=\"535\"><\/a><\/p>\n<p>============================================================================<\/p>\n<p><strong>(01.04.2017)<\/strong><\/p>\n<p><strong>4. Dan Tengu Ryu Karate-Do<\/strong><\/p>\n<p>Am 25. M\u00e4rz erhielt Siegfried H\u00fcbner von Shihan Roland Habersetzer (9. Dan) den 4. Dan im Tengu Ryu Karate-Do verliehen.<\/p>\n<p>Die Verleihung fand in Stra\u00dfburg (Frankreich) im Rahmen eines CRB-IT Wochenendes mit Dan-Pr\u00fcfungen sowie einem Koshiki Kata-Lehrgang statt.<\/p>\n<p>Mit dieser Graduierungsstufe ist gleichzeitig der Ehrentitel <em><strong>Renshi<\/strong><\/em> in der Tradition des CRB-IT (Centre de Recherche Budo &#8211; Institut Tengu) verbunden.<\/p>\n<p>Siegfried begann 1974 in Alter von 16 Jahren seine Karate-Laufbahn beim MTV Ingolstadt und ist seit 1993 Mitglied des CRB.<\/p>\n<table>\n<tbody>\n<tr>\n<td><a href=\"https:\/\/www.mtv-in.de\/karate\/files\/2017\/04\/Yondan-Karate-2017.jpg\"><img loading=\"lazy\" decoding=\"async\" class=\"alignleft size-full wp-image-1065\" src=\"https:\/\/www.mtv-in.de\/karate\/files\/2017\/04\/Yondan-Karate-2017.jpg\" alt=\"\" width=\"650\" height=\"535\" srcset=\"https:\/\/www.mtv-in.de\/karate\/files\/2017\/04\/Yondan-Karate-2017.jpg 650w, https:\/\/www.mtv-in.de\/karate\/files\/2017\/04\/Yondan-Karate-2017-300x247.jpg 300w\" sizes=\"auto, (max-width: 650px) 100vw, 650px\" \/><\/a><\/td>\n<\/tr>\n<tr>\n<td>Siegfried H\u00fcbner erh\u00e4lt seine Urkunde von Shihan Roland Habersetzer<\/td>\n<\/tr>\n<\/tbody>\n<\/table>\n","protected":false},"excerpt":{"rendered":"<p>(16.03.2026) \u00c4nderung Trainingsplan Die Trainingszeiten und -orte f\u00fcr Karate und Tai Chi haben sich ge\u00e4ndert: Dienstag 19:30 &#8211; 20:30 Uhr Tai Chi Anf\u00e4nger &amp; Fortgeschrittene MTV Bezirkssportanlage Mitte Gymnastihalle Dienstag 20:30 &#8211; 21:30 Uhr Tai Chi Fortgeschrittene MTV Bezirkssportanlage Mitte &hellip; <a href=\"https:\/\/www.mtv-in.de\/karate\/aktuelle-meldungen-0\/\">Continue reading <span class=\"meta-nav\">&rarr;<\/span><\/a><\/p>\n","protected":false},"author":14,"featured_media":0,"parent":0,"menu_order":0,"comment_status":"closed","ping_status":"closed","template":"","meta":{"ngg_post_thumbnail":0,"footnotes":""},"class_list":["post-501","page","type-page","status-publish","hentry"],"_links":{"self":[{"href":"https:\/\/www.mtv-in.de\/karate\/wp-json\/wp\/v2\/pages\/501","targetHints":{"allow":["GET"]}}],"collection":[{"href":"https:\/\/www.mtv-in.de\/karate\/wp-json\/wp\/v2\/pages"}],"about":[{"href":"https:\/\/www.mtv-in.de\/karate\/wp-json\/wp\/v2\/types\/page"}],"author":[{"embeddable":true,"href":"https:\/\/www.mtv-in.de\/karate\/wp-json\/wp\/v2\/users\/14"}],"replies":[{"embeddable":true,"href":"https:\/\/www.mtv-in.de\/karate\/wp-json\/wp\/v2\/comments?post=501"}],"version-history":[{"count":96,"href":"https:\/\/www.mtv-in.de\/karate\/wp-json\/wp\/v2\/pages\/501\/revisions"}],"predecessor-version":[{"id":1573,"href":"https:\/\/www.mtv-in.de\/karate\/wp-json\/wp\/v2\/pages\/501\/revisions\/1573"}],"wp:attachment":[{"href":"https:\/\/www.mtv-in.de\/karate\/wp-json\/wp\/v2\/media?parent=501"}],"curies":[{"name":"wp","href":"https:\/\/api.w.org\/{rel}","templated":true}]}}